{"id":7983,"date":"2025-08-07T10:09:36","date_gmt":"2025-08-07T09:09:36","guid":{"rendered":"https:\/\/www.awo-jugendwerk-lsa.de\/awowp\/?post_type=tribe_events&#038;p=7983"},"modified":"2025-11-04T13:55:52","modified_gmt":"2025-11-04T12:55:52","slug":"juleica-grundkurs","status":"publish","type":"tribe_events","link":"https:\/\/www.awo-jugendwerk-lsa.de\/awowp\/event\/juleica-grundkurs\/","title":{"rendered":"Juleica Grundkurs"},"content":{"rendered":"<div  class=\"tribe-events-schedule tribe-clearfix\" >\n\t<p class=\"tribe-events-schedule__datetime\">\n\t\t<span class=\"tribe-events-schedule__date tribe-events-schedule__date--start\">\n\t\t\t24.10.2025\t\t<\/span>\n\n\t\t\t\t\t<span class=\"tribe-events-schedule__separator tribe-events-schedule__separator--date\">\n\t\t\t\t, \t\t\t<\/span>\n\t\t\t<span class=\"tribe-events-schedule__time tribe-events-schedule__time--start\">\n\t\t\t\t08:00\t\t\t<\/span>\n\t\t\n\t\t\t\t\t\t\t\t\t<span class=\"tribe-events-schedule__separator tribe-events-schedule__separator--time\">\n\t\t\t\t\t &#8211; \t\t\t\t<\/span>\n\t\t\t\n\t\t\t\t\t\t\t<span class=\"tribe-events-schedule__time tribe-events-schedule__time--end\">\n\t\t\t\t\t17:00\t\t\t\t<\/span>\n\t\t\t\n\t\t\t\t\t\t<\/p>\n<\/div>\n\n\n\n<p><strong>&nbsp;<\/strong><\/p>\n\n\n\n<figure class=\"wp-block-image size-large\"><a href=\"https:\/\/www.awo-jugendwerk-lsa.de\/awowp\/wp-content\/uploads\/2025\/08\/1.jpg\" rel=\"lightbox[7983]\"><img loading=\"lazy\" decoding=\"async\" width=\"1024\" height=\"1024\" src=\"https:\/\/www.awo-jugendwerk-lsa.de\/awowp\/wp-content\/uploads\/2025\/08\/1-1024x1024.jpg\" alt=\"\" class=\"wp-image-7987\" srcset=\"https:\/\/www.awo-jugendwerk-lsa.de\/awowp\/wp-content\/uploads\/2025\/08\/1-1024x1024.jpg 1024w, https:\/\/www.awo-jugendwerk-lsa.de\/awowp\/wp-content\/uploads\/2025\/08\/1-300x300.jpg 300w, https:\/\/www.awo-jugendwerk-lsa.de\/awowp\/wp-content\/uploads\/2025\/08\/1-150x150.jpg 150w, https:\/\/www.awo-jugendwerk-lsa.de\/awowp\/wp-content\/uploads\/2025\/08\/1-768x768.jpg 768w, https:\/\/www.awo-jugendwerk-lsa.de\/awowp\/wp-content\/uploads\/2025\/08\/1-24x24.jpg 24w, https:\/\/www.awo-jugendwerk-lsa.de\/awowp\/wp-content\/uploads\/2025\/08\/1-36x36.jpg 36w, https:\/\/www.awo-jugendwerk-lsa.de\/awowp\/wp-content\/uploads\/2025\/08\/1-48x48.jpg 48w, https:\/\/www.awo-jugendwerk-lsa.de\/awowp\/wp-content\/uploads\/2025\/08\/1.jpg 1080w\" sizes=\"auto, (max-width: 1024px) 100vw, 1024px\" \/><\/a><\/figure>\n\n\n\n<p><strong>Was dich erwartet:&nbsp;<\/strong><\/p>\n\n\n\n<p>Die Juleica ist ein bundesweit anerkannter Qualifizierungsnachweis f\u00fcr ehrenamtliche Mitarbeiter*innen in der Kinder- und Jugendarbeit. Im Grundkurs werden an zwei Wochenenden Kenntnisse zu folgenden Themen vermittelt:&nbsp;<\/p>\n\n\n\n<ul class=\"wp-block-list\">\n<li> Aufgaben und Funktionen der Jugendleiter*innen und Bef\u00e4higung zur Leitung von Gruppen&nbsp;<\/li>\n<\/ul>\n\n\n\n<ul class=\"wp-block-list\">\n<li>Psychologische und p\u00e4dagogische Grundlagen f\u00fcr die Arbeit mit Kindern und Jugendlichen&nbsp;<\/li>\n<\/ul>\n\n\n\n<ul class=\"wp-block-list\">\n<li>Psychologische Erste Hilfe&nbsp;<\/li>\n<\/ul>\n\n\n\n<ul class=\"wp-block-list\">\n<li>Kennenlernen von Gruppenspielen und Methoden&nbsp;<\/li>\n<\/ul>\n\n\n\n<ul class=\"wp-block-list\">\n<li>Jugendschutz und Gewaltpr\u00e4vention&nbsp;<\/li>\n<\/ul>\n\n\n\n<ul class=\"wp-block-list\">\n<li>Jugendkulturen, Diversit\u00e4t und Inklusion&nbsp;<\/li>\n<\/ul>\n\n\n\n<ul class=\"wp-block-list\">\n<li>Projektplanung&nbsp;<\/li>\n<\/ul>\n\n\n\n<ul class=\"wp-block-list\">\n<li>Umgang mit grenz\u00fcberschreitendem Verhalten bei Ferienfreizeiten&nbsp;<\/li>\n<\/ul>\n\n\n\n<ul class=\"wp-block-list\">\n<li>Strukturen der Jugendverbandsarbeit in Sachsen-Anhalt&nbsp;<\/li>\n<\/ul>\n\n\n\n<p class=\"has-text-align-center\"><strong>Wann:<span class=\"Apple-converted-space\">&nbsp;<\/span><\/strong><br>Teil 1: 24.10. &#8211; 26.10.25<span class=\"Apple-converted-space\">&nbsp;<\/span><br>Teil 2: 07.11. &#8211; 09.11.25<span class=\"Apple-converted-space\">&nbsp;<\/span><\/p>\n\n\n\n<p class=\"has-text-align-center\"><strong>Wo:<span class=\"Apple-converted-space\">&nbsp;<\/span><\/strong><br>Landesjugendwerk der AWO<span class=\"Apple-converted-space\">&nbsp;<\/span><br>Sch\u00f6nebecker Str. 82-84<span class=\"Apple-converted-space\">&nbsp;<\/span><br>39104 Magdeburg<span class=\"Apple-converted-space\">&nbsp;<\/span><\/p>\n\n\n\n<p class=\"has-text-align-center\"><strong>Wer:<span class=\"Apple-converted-space\">&nbsp;<\/span><\/strong><br>Alle interessierten Personen ab 16 Jahren.<span class=\"Apple-converted-space\">&nbsp;<\/span><\/p>\n\n\n\n<p class=\"has-text-align-center\"><strong>Wieviel:<span class=\"Apple-converted-space\">&nbsp;<\/span><\/strong><br>20,- Euro<span class=\"Apple-converted-space\">&nbsp;<\/span><\/p>\n\n\n\n<p class=\"has-text-align-center\">Die Schulung ist ohne \u00dcbernachtung geplant. Bei Bedarf kann jedoch eine \u00dcbernachtungsm\u00f6glichkeit (Jugendherberge) organisiert werden.<span class=\"Apple-converted-space\">&nbsp;<\/span><\/p>\n\n\n\n<p class=\"has-text-align-center\"><br><strong>Anmeldung:<\/strong><\/p>\n\n\n\n<p class=\"has-text-align-center\">bis sp\u00e4testens 19.09.2025 unter:<span class=\"Apple-converted-space\">&nbsp;<\/span><br>Bildung@AWO-Jugendwerk-LSA.de<span class=\"Apple-converted-space\">&nbsp;<\/span><\/p>\n\n\n\n<p class=\"has-text-align-center\">oder<span class=\"Apple-converted-space\">&nbsp;<\/span><\/p>\n\n\n\n<p class=\"has-text-align-center\">0151-62703260<span class=\"Apple-converted-space\">&nbsp;<\/span><br>(gern auch per WhatsApp oder Signal)<span class=\"Apple-converted-space\">&nbsp;<\/span><\/p>\n\n\n\n<p class=\"has-text-align-center\">Landesjugendwerk der AWO<span class=\"Apple-converted-space\">&nbsp;<\/span><br>Sachsen-Anhalt e.V.<span class=\"Apple-converted-space\">&nbsp;<\/span><br>Sch\u00f6nebecker Stra\u00dfe 82- 84<span class=\"Apple-converted-space\">&nbsp;<\/span><br>39104 Magdeburg<span class=\"Apple-converted-space\">&nbsp;<\/span><\/p>\n\n\n\n<p class=\"has-text-align-center\">Nach der Anmeldung versenden wir eine Best\u00e4tigung sowie weitere Informationen.<span class=\"Apple-converted-space\">&nbsp;<\/span><\/p>\n\n\n\n<p class=\"has-text-align-center\">Hauptverantwortlich f\u00fcr die Planung und Durchf\u00fchrung der Veranstaltung ist unsere Jugendbildungsreferentin Kirsten Vogt.<span class=\"Apple-converted-space\">&nbsp;<\/span><\/p>\n\n\n\n<p class=\"has-text-align-center\">Weitere Informationen zur Juleica findet ihr unter www.juleica.de<span class=\"Apple-converted-space\">&nbsp;<\/span><\/p>\n\n\n\n<p class=\"has-text-align-center\"><br>Anmeldungen \u00fcber unser Anmeldeformular:<\/p>\n\n\n\n<div class=\"wp-block-buttons is-content-justification-center is-layout-flex wp-container-core-buttons-is-layout-16018d1d wp-block-buttons-is-layout-flex\">\n<div class=\"wp-block-button is-style-fill\"><a class=\"wp-block-button__link has-luminous-vivid-orange-to-vivid-red-gradient-background has-background has-text-align-center wp-element-button\" href=\"https:\/\/jw-intra.net\/index.php\/apps\/forms\/s\/gWy2gpSFLK2Q3QQsbnFB7SnG\">JETZT ANMELDEN<\/a><\/div>\n<\/div>\n\n\n\n\n\n<p>&nbsp;<\/p>\n\n\n<div  class=\"tribe-block tribe-block__event-price\" >\n\t\t<\/div>\n\n\n\n\n<div  class=\"tribe-block tribe-block__venue tribe-clearfix\" >\n\t\n\t\t\n\t<\/div>\n\n\n\n\n\t<div  class=\"tribe-block tribe-block__events-link\" >\n\t\t<div class=\"tribe-events tribe-common\">\n\t\t\t<div class=\"tribe-events-c-subscribe-dropdown__container\">\n\t\t\t\t<div class=\"tribe-events-c-subscribe-dropdown\">\n\t\t\t\t\t<div class=\"tribe-common-c-btn-border tribe-events-c-subscribe-dropdown__button\">\n\t\t\t\t\t\t<svg\n\t class=\"tribe-common-c-svgicon tribe-common-c-svgicon--cal-export tribe-events-c-subscribe-dropdown__export-icon\" \taria-hidden=\"true\"\n\tviewBox=\"0 0 23 17\"\n\txmlns=\"http:\/\/www.w3.org\/2000\/svg\"\n>\n\t<path fill-rule=\"evenodd\" clip-rule=\"evenodd\" d=\"M.128.896V16.13c0 .211.145.383.323.383h15.354c.179 0 .323-.172.323-.383V.896c0-.212-.144-.383-.323-.383H.451C.273.513.128.684.128.896Zm16 6.742h-.901V4.679H1.009v10.729h14.218v-3.336h.901V7.638ZM1.01 1.614h14.218v2.058H1.009V1.614Z\" \/>\n\t<path d=\"M20.5 9.846H8.312M18.524 6.953l2.89 2.909-2.855 2.855\" stroke-width=\"1.2\" stroke-linecap=\"round\" stroke-linejoin=\"round\"\/>\n<\/svg>\n\t\t\t\t\t\t<button\n\t\t\t\t\t\t\tclass=\"tribe-events-c-subscribe-dropdown__button-text\"\n\t\t\t\t\t\t\taria-expanded=\"false\"\n\t\t\t\t\t\t\taria-controls=\"tribe-events-subscribe-dropdown-content\"\n\t\t\t\t\t\t\taria-label=\"Zeige Links an um Veranstaltungen zu deinem Kalender hinzuzuf\u00fcgen\"\n\t\t\t\t\t\t>\n\t\t\t\t\t\t\tZum Kalender hinzuf\u00fcgen\t\t\t\t\t\t<\/button>\n\t\t\t\t\t\t<svg\n\t class=\"tribe-common-c-svgicon tribe-common-c-svgicon--caret-down tribe-events-c-subscribe-dropdown__button-icon\" \taria-hidden=\"true\"\n\tviewBox=\"0 0 10 7\"\n\txmlns=\"http:\/\/www.w3.org\/2000\/svg\"\n>\n\t<path fill-rule=\"evenodd\" clip-rule=\"evenodd\" d=\"M1.008.609L5 4.6 8.992.61l.958.958L5 6.517.05 1.566l.958-.958z\" class=\"tribe-common-c-svgicon__svg-fill\"\/>\n<\/svg>\n\t\t\t\t\t<\/div>\n\t\t\t\t\t<div id=\"tribe-events-subscribe-dropdown-content\" class=\"tribe-events-c-subscribe-dropdown__content\">\n\t\t\t\t\t\t<ul class=\"tribe-events-c-subscribe-dropdown__list\">\n\t\t\t\t\t\t\t\t\t\t\t\t\t\t\t<li class=\"tribe-events-c-subscribe-dropdown__list-item tribe-events-c-subscribe-dropdown__list-item--gcal\">\n\t\t\t\t\t\t\t\t\t<a\n\t\t\t\t\t\t\t\t\t\thref=\"https:\/\/www.google.com\/calendar\/event?action=TEMPLATE&#038;dates=20251024T080000\/20251024T170000&#038;text=Juleica%20Grundkurs&#038;details=%3Cp%3E%3Cstrong%3E%26nbsp%3B%3C%2Fstrong%3E%3C%2Fp%3E+%3Cfigure+class%3D%22wp-block-image+size-large%22%3E%3Ca+href%3D%22https%3A%2F%2Fwww.awo-jugendwerk-lsa.de%2Fawowp%2Fwp-content%2Fuploads%2F2025%2F08%2F1.jpg%22%3E%3Cimg+src%3D%22https%3A%2F%2Fwww.awo-jugendwerk-lsa.de%2Fawowp%2Fwp-content%2Fuploads%2F2025%2F08%2F1-1024x1024.jpg%22+alt%3D%22%22+class%3D%22wp-image-7987%22%2F%3E%3C%2Fa%3E%3C%2Ffigure%3E%3Cp%3E%3Cstrong%3EWas+dich+erwartet%3A%26nbsp%3B%3C%2Fstrong%3E%3C%2Fp%3E+%3Cp%3EDie+Juleica+ist+ein+bundesweit+anerkannter+Qualifizierungsnachweis+f%C3%BCr+ehrenamtliche+Mitarbeiter%2Ainnen+in+der+Kinder-+und+Jugendarbeit.+Im+Grundkurs+werden+an+zwei+Wochenenden+Kenntnisse+zu+folgenden+Themen+vermittelt%3A%26nbsp%3B%3C%2Fp%3E+%3Cul+class%3D%22wp-block-list%22%3E%3Cli%3E+Aufgaben+und+Funktionen+der+Jugendleiter%2Ainnen+und+Bef%C3%A4higung+zur+Leitung+von+Gruppen%26nbsp%3B%3C%2Fli%3E%3C%2Ful%3E%3Cul+class%3D%22wp-block-list%22%3E%3Cli%3EPsychologische+und+p%C3%A4dagogische+Grundlagen+f%C3%BCr+die+Arbeit+mit+Kindern+und+Jugendlichen%26nbsp%3B%3C%2Fli%3E%3C%2Ful%3E%3Cul+class%3D%22wp-block-list%22%3E%3Cli%3EPsychologische+Erste+Hilfe%26nbsp%3B%3C%2Fli%3E%3C%2Ful%3E%3Cul+class%3D%22wp-block-list%22%3E%3Cli%3EKennenlernen+v%3C%2Fli%3E%3C%2Ful%3E+%28Zeige+vollst%C3%A4ndige+Veranstaltung-Beschreibung+hier+an%3A+https%3A%2F%2Fwww.awo-jugendwerk-lsa.de%2Fawowp%2Fevent%2Fjuleica-grundkurs%2F%29&#038;trp=false&#038;ctz=UTC+1&#038;sprop=website:https:\/\/www.awo-jugendwerk-lsa.de\/awowp\"\n\t\t\t\t\t\t\t\t\t\tclass=\"tribe-events-c-subscribe-dropdown__list-item-link\"\n\t\t\t\t\t\t\t\t\t\ttarget=\"_blank\"\n\t\t\t\t\t\t\t\t\t\trel=\"noopener noreferrer nofollow noindex\"\n\t\t\t\t\t\t\t\t\t>\n\t\t\t\t\t\t\t\t\t\tGoogle Kalender\t\t\t\t\t\t\t\t\t<\/a>\n\t\t\t\t\t\t\t\t<\/li>\n\t\t\t\t\t\t\t\t\t\t\t\t\t\t\t<li class=\"tribe-events-c-subscribe-dropdown__list-item tribe-events-c-subscribe-dropdown__list-item--ical\">\n\t\t\t\t\t\t\t\t\t<a\n\t\t\t\t\t\t\t\t\t\thref=\"\"\n\t\t\t\t\t\t\t\t\t\tclass=\"tribe-events-c-subscribe-dropdown__list-item-link\"\n\t\t\t\t\t\t\t\t\t\ttarget=\"_blank\"\n\t\t\t\t\t\t\t\t\t\trel=\"noopener noreferrer nofollow noindex\"\n\t\t\t\t\t\t\t\t\t>\n\t\t\t\t\t\t\t\t\t\tiCalendar\t\t\t\t\t\t\t\t\t<\/a>\n\t\t\t\t\t\t\t\t<\/li>\n\t\t\t\t\t\t\t\t\t\t\t\t\t\t\t<li class=\"tribe-events-c-subscribe-dropdown__list-item tribe-events-c-subscribe-dropdown__list-item--outlook-365\">\n\t\t\t\t\t\t\t\t\t<a\n\t\t\t\t\t\t\t\t\t\thref=\"\"\n\t\t\t\t\t\t\t\t\t\tclass=\"tribe-events-c-subscribe-dropdown__list-item-link\"\n\t\t\t\t\t\t\t\t\t\ttarget=\"_blank\"\n\t\t\t\t\t\t\t\t\t\trel=\"noopener noreferrer nofollow noindex\"\n\t\t\t\t\t\t\t\t\t>\n\t\t\t\t\t\t\t\t\t\tOutlook 365\t\t\t\t\t\t\t\t\t<\/a>\n\t\t\t\t\t\t\t\t<\/li>\n\t\t\t\t\t\t\t\t\t\t\t\t\t\t\t<li class=\"tribe-events-c-subscribe-dropdown__list-item tribe-events-c-subscribe-dropdown__list-item--outlook-live\">\n\t\t\t\t\t\t\t\t\t<a\n\t\t\t\t\t\t\t\t\t\thref=\"\"\n\t\t\t\t\t\t\t\t\t\tclass=\"tribe-events-c-subscribe-dropdown__list-item-link\"\n\t\t\t\t\t\t\t\t\t\ttarget=\"_blank\"\n\t\t\t\t\t\t\t\t\t\trel=\"noopener noreferrer nofollow noindex\"\n\t\t\t\t\t\t\t\t\t>\n\t\t\t\t\t\t\t\t\t\tOutlook Live\t\t\t\t\t\t\t\t\t<\/a>\n\t\t\t\t\t\t\t\t<\/li>\n\t\t\t\t\t\t\t\t\t\t\t\t\t<\/ul>\n\t\t\t\t\t<\/div>\n\t\t\t\t<\/div>\n\t\t\t<\/div>\n\t\t<\/div>\n\t<\/div>\n\n","protected":false},"excerpt":{"rendered":"<p>&nbsp; Was dich erwartet:&nbsp; Die Juleica ist ein bundesweit anerkannter Qualifizierungsnachweis f\u00fcr ehrenamtliche Mitarbeiter*innen in der Kinder- und Jugendarbeit. Im Grundkurs werden an zwei Wochenenden Kenntnisse zu folgenden Themen vermittelt:&nbsp; Wann:&nbsp;Teil 1: 24.10. &#8211; 26.10.25&nbsp;Teil 2: 07.11. &#8211; 09.11.25&nbsp; Wo:&nbsp;Landesjugendwerk der AWO&nbsp;Sch\u00f6nebecker Str. 82-84&nbsp;39104 Magdeburg&nbsp; Wer:&nbsp;Alle interessierten Personen ab 16 Jahren.&nbsp; Wieviel:&nbsp;20,- Euro&nbsp; Die Schulung <a class=\"more-link\" href=\"https:\/\/www.awo-jugendwerk-lsa.de\/awowp\/event\/juleica-grundkurs\/\">weiterlesen&#8230;<\/a><\/p>\n","protected":false},"author":15,"featured_media":0,"template":"","meta":{"_EventAllDay":false,"_EventTimezone":"UTC+1","_EventStartDate":"2025-10-24 08:00:00","_EventEndDate":"2025-10-24 17:00:00","_EventStartDateUTC":"2025-10-24 06:00:00","_EventEndDateUTC":"2025-10-24 15:00:00","_EventShowMap":false,"_EventShowMapLink":false,"_EventURL":"","_EventCost":"","_EventCostDescription":"","_EventCurrencySymbol":"\u20ac","_EventCurrencyCode":"USD","_EventCurrencyPosition":"suffix","_EventDateTimeSeparator":", ","_EventTimeRangeSeparator":" - ","_EventOrganizerID":[],"_EventVenueID":[],"_OrganizerEmail":"","_OrganizerPhone":"","_OrganizerWebsite":"","_VenueAddress":"","_VenueCity":"","_VenueCountry":"","_VenueProvince":"","_VenueState":"","_VenueZip":"","_VenuePhone":"","_VenueURL":"","_VenueStateProvince":"","_VenueLat":"","_VenueLng":"","_VenueShowMap":false,"_VenueShowMapLink":false,"_tribe_events_status":"","_tribe_events_status_reason":"","footnotes":""},"tags":[],"tribe_events_cat":[],"class_list":["post-7983","tribe_events","type-tribe_events","status-publish","hentry"],"_links":{"self":[{"href":"https:\/\/www.awo-jugendwerk-lsa.de\/awowp\/wp-json\/wp\/v2\/tribe_events\/7983","targetHints":{"allow":["GET"]}}],"collection":[{"href":"https:\/\/www.awo-jugendwerk-lsa.de\/awowp\/wp-json\/wp\/v2\/tribe_events"}],"about":[{"href":"https:\/\/www.awo-jugendwerk-lsa.de\/awowp\/wp-json\/wp\/v2\/types\/tribe_events"}],"author":[{"embeddable":true,"href":"https:\/\/www.awo-jugendwerk-lsa.de\/awowp\/wp-json\/wp\/v2\/users\/15"}],"version-history":[{"count":4,"href":"https:\/\/www.awo-jugendwerk-lsa.de\/awowp\/wp-json\/wp\/v2\/tribe_events\/7983\/revisions"}],"predecessor-version":[{"id":8050,"href":"https:\/\/www.awo-jugendwerk-lsa.de\/awowp\/wp-json\/wp\/v2\/tribe_events\/7983\/revisions\/8050"}],"wp:attachment":[{"href":"https:\/\/www.awo-jugendwerk-lsa.de\/awowp\/wp-json\/wp\/v2\/media?parent=7983"}],"wp:term":[{"taxonomy":"post_tag","embeddable":true,"href":"https:\/\/www.awo-jugendwerk-lsa.de\/awowp\/wp-json\/wp\/v2\/tags?post=7983"},{"taxonomy":"tribe_events_cat","embeddable":true,"href":"https:\/\/www.awo-jugendwerk-lsa.de\/awowp\/wp-json\/wp\/v2\/tribe_events_cat?post=7983"}],"curies":[{"name":"wp","href":"https:\/\/api.w.org\/{rel}","templated":true}]}}