{"id":7966,"date":"2025-07-21T12:34:39","date_gmt":"2025-07-21T11:34:39","guid":{"rendered":"https:\/\/www.awo-jugendwerk-lsa.de\/awowp\/?post_type=tribe_events&#038;p=7966"},"modified":"2025-07-21T12:59:46","modified_gmt":"2025-07-21T11:59:46","slug":"gedenkstaettenfahrt-sachsenhausen","status":"publish","type":"tribe_events","link":"https:\/\/www.awo-jugendwerk-lsa.de\/awowp\/event\/gedenkstaettenfahrt-sachsenhausen\/","title":{"rendered":"Gedenkst\u00e4ttenfahrt Sachsenhausen"},"content":{"rendered":"<div  class=\"tribe-events-schedule tribe-clearfix\" >\n\t<p class=\"tribe-events-schedule__datetime\">\n\t\t<span class=\"tribe-events-schedule__date tribe-events-schedule__date--start\">\n\t\t\t13.10.2025\t\t<\/span>\n\n\t\t\t\t\t<span class=\"tribe-events-schedule__separator tribe-events-schedule__separator--date\">\n\t\t\t\t, \t\t\t<\/span>\n\t\t\t<span class=\"tribe-events-schedule__time tribe-events-schedule__time--start\">\n\t\t\t\t08:00\t\t\t<\/span>\n\t\t\n\t\t\t\t\t\t\t\t\t<span class=\"tribe-events-schedule__separator tribe-events-schedule__separator--time\">\n\t\t\t\t\t &#8211; \t\t\t\t<\/span>\n\t\t\t\n\t\t\t\t\t\t\t<span class=\"tribe-events-schedule__date tribe-events-schedule__date--end\">\n\t\t\t\t\t17.10.2025\t\t\t\t<\/span>\n\n\t\t\t\t\t\t\t\t\t<span class=\"tribe-events-schedule__separator tribe-events-schedule__separator--date\">\n\t\t\t\t\t\t, \t\t\t\t\t<\/span>\n\t\t\t\t\t<span class=\"tribe-events-schedule__time tribe-events-schedule__time--end\">\n\t\t\t\t\t\t18:00\t\t\t\t\t<\/span>\n\t\t\t\t\n\t\t\t\n\t\t\t\t\t\t<\/p>\n<\/div>\n\n\n\n<figure class=\"wp-block-image size-large\"><a href=\"https:\/\/www.awo-jugendwerk-lsa.de\/awowp\/wp-content\/uploads\/2025\/07\/Flyer-Sachsenhausen-mit-Rahmen.png\" rel=\"lightbox[7966]\"><img loading=\"lazy\" decoding=\"async\" width=\"1024\" height=\"1024\" src=\"https:\/\/www.awo-jugendwerk-lsa.de\/awowp\/wp-content\/uploads\/2025\/07\/Flyer-Sachsenhausen-mit-Rahmen-1024x1024.png\" alt=\"\" class=\"wp-image-7971\" srcset=\"https:\/\/www.awo-jugendwerk-lsa.de\/awowp\/wp-content\/uploads\/2025\/07\/Flyer-Sachsenhausen-mit-Rahmen-1024x1024.png 1024w, https:\/\/www.awo-jugendwerk-lsa.de\/awowp\/wp-content\/uploads\/2025\/07\/Flyer-Sachsenhausen-mit-Rahmen-300x300.png 300w, https:\/\/www.awo-jugendwerk-lsa.de\/awowp\/wp-content\/uploads\/2025\/07\/Flyer-Sachsenhausen-mit-Rahmen-150x150.png 150w, https:\/\/www.awo-jugendwerk-lsa.de\/awowp\/wp-content\/uploads\/2025\/07\/Flyer-Sachsenhausen-mit-Rahmen-768x768.png 768w, https:\/\/www.awo-jugendwerk-lsa.de\/awowp\/wp-content\/uploads\/2025\/07\/Flyer-Sachsenhausen-mit-Rahmen-24x24.png 24w, https:\/\/www.awo-jugendwerk-lsa.de\/awowp\/wp-content\/uploads\/2025\/07\/Flyer-Sachsenhausen-mit-Rahmen-36x36.png 36w, https:\/\/www.awo-jugendwerk-lsa.de\/awowp\/wp-content\/uploads\/2025\/07\/Flyer-Sachsenhausen-mit-Rahmen-48x48.png 48w, https:\/\/www.awo-jugendwerk-lsa.de\/awowp\/wp-content\/uploads\/2025\/07\/Flyer-Sachsenhausen-mit-Rahmen.png 1080w\" sizes=\"auto, (max-width: 1024px) 100vw, 1024px\" \/><\/a><\/figure>\n\n\n\n<p style=\"font-weight: 400;\">In der heutigen Gedenk- und Bildungsst\u00e4tte \u201eHaus der Wannsee-Konferenz\u201c besprachen am 20. Januar 1942 f\u00fcnfzehn hochrangige Vertreter der SS, der NSDAP und verschiedener Reichsministerien die Kooperation bei der geplanten Deportation und Ermordung der europ\u00e4ischen J\u00fcdinnen und Juden.<\/p>\n<p style=\"font-weight: 400;\">Das Gel\u00e4nde der heutigen Gedenkst\u00e4tte Sachsenhausen war in der Zeit von 1936 bis 1945 eines der gr\u00f6\u00dften Konzentrationslager auf deutschem Reichsgebiet.<br><br>Im Rahmen der geplanten Studienfahrt werden wir diesen Gedenk- und Erinnerungsort besuchen. Wir werden uns in der Gedenkst\u00e4tte Sachsenhausen an drei Tagen ausf\u00fchrlich mit der Geschichte des Konzentrationslagers auseinandersetzen und an die Opfer nationalsozialistischer Verbrechen erinnern.<\/p>\n<p><span style=\"font-weight: 400;\">Au\u00dferdem planen wir eine intensive Vor- und Nachbereitung des Besuchs.<\/span><\/p>\n<p>&nbsp;<\/p>\n\n\n\n<p style=\"text-align: center;\"><strong>Wann?<\/strong><\/p>\n<p style=\"text-align: center;\">&nbsp;13 &#8211; 17. Oktober 2025<\/p>\n<p style=\"text-align: center;\">(Montag &#8211; Freitag)<\/p>\n<p>&nbsp;<\/p>\n<p style=\"text-align: center;\"><strong>Wo?<\/strong><\/p>\n<p style=\"text-align: center;\">Oranienburg\/ Gedenkst\u00e4tte und Museum Sachsenhausen (Unterbringung im B&amp;B Oranjehus Oranienburg)<\/p>\n<p style=\"text-align: center;\">&#8212;&#8212;&#8212;&#8212;&#8212;&#8212;&#8212;&#8212;-<\/p>\n<p style=\"text-align: center;\">Voraussetzung f\u00fcr die Teilnahme an der Fahrt ist der Besuch der Vorbereitungstreffen.<\/p>\n<p style=\"text-align: center;\">&nbsp;<\/p>\n<p style=\"text-align: center;\"><strong>Wer?<\/strong><\/p>\n<p style=\"text-align: center;\">Jugendliche und junge Erwachsenen im Alter zwischen 15 und 27 Jahren<\/p>\n<p style=\"text-align: center;\">&nbsp;<\/p>\n<p style=\"text-align: center;\"><strong>Wieviel?<\/strong><\/p>\n<p style=\"text-align: center;\">55,00 Euro<\/p>\n<p style=\"text-align: center;\">(Preis enth\u00e4lt \u00dcbernachtung, Verpflegung, Fahrtkosten, Material, Eintrittsgelder und Honorar f\u00fcr Referent*innen)<\/p>\n\n\n\n<p style=\"font-weight: 400; text-align: center;\">Anmeldungen bis<\/p>\n<p style=\"font-weight: 400; text-align: center;\"><strong>sp\u00e4testens <u>22.08.2025<\/u><\/strong> an:<\/p>\n<p style=\"font-weight: 400; text-align: center;\"><strong>Bildung<\/strong><strong>@AWO-Jugendwerk-LSA.de<\/strong><\/p>\n<p style=\"font-weight: 400; text-align: center;\">Tel.:\u00a0 0391-40 82 90 90 <br \/>Handy \/ Messenger: <br \/>01515 &#8211; 8736612<\/p>\n<p style=\"font-weight: 400; text-align: center;\">\u00a0<\/p>\n<p style=\"font-weight: 400; text-align: center;\"><strong>Landesjugendwerk der AWO <\/strong><\/p>\n<p style=\"font-weight: 400; text-align: center;\"><strong>Sachsen-Anhalt e.V.<\/strong><\/p>\n<p style=\"font-weight: 400; text-align: center;\">Sch\u00f6nebecker Stra\u00dfe 82- 84<\/p>\n<p style=\"font-weight: 400; text-align: center;\">39104 Magdeburg<\/p>\n<p style=\"font-weight: 400; text-align: center;\">\u00a0<\/p>\n<p style=\"font-weight: 400; text-align: center;\"><strong>Hauptverantwortlich f\u00fcr die Planung und Durchf\u00fchrung der Gedenkst\u00e4ttenfahrt<br \/>ist unsere Jugendbildungsreferentin<\/strong><\/p>\n<p style=\"font-weight: 400; text-align: center;\"><strong>Nicole Kr\u00f6kel.<\/strong><\/p>\n<p style=\"font-weight: 400; text-align: center;\">\u00a0<\/p>\n<p style=\"font-weight: 400; text-align: center;\">Nach der Anmeldung versenden wir eine Best\u00e4tigung sowie weitere Informationen zu dieser Veranstaltung.<\/p>\n<p>\u00a0<\/p>\n<p style=\"font-weight: 400; text-align: center;\">Bitte den Teilnehmer*innenbeitrag von 55,00 \u20ac auf folgendes Konto \u00fcberweisen:<\/p>\n<p style=\"font-weight: 400; text-align: center;\"><strong>Landesjugendwerk der AWO LSA<\/strong><\/p>\n<p style=\"font-weight: 400; text-align: center;\"><strong>IBAN: DE93 8105 3272 0030 3712 87<\/strong><\/p>\n<p style=\"font-weight: 400; text-align: center;\"><strong>BIC: NOLADE21MDG<\/strong><\/p>\n<p style=\"font-weight: 400; text-align: center;\"><strong>Stadtsparkasse Magdeburg<\/strong><\/p>\n<p style=\"font-weight: 400; text-align: center;\"><strong>Betreff: Dein Name + Gedenkst\u00e4ttenfahrt 10-2025<\/strong><\/p>\n\n\n\n\n\t<div  class=\"tribe-block tribe-block__events-link\" >\n\t\t<div class=\"tribe-events tribe-common\">\n\t\t\t<div class=\"tribe-events-c-subscribe-dropdown__container\">\n\t\t\t\t<div class=\"tribe-events-c-subscribe-dropdown\">\n\t\t\t\t\t<div class=\"tribe-common-c-btn-border tribe-events-c-subscribe-dropdown__button\">\n\t\t\t\t\t\t<svg\n\t class=\"tribe-common-c-svgicon tribe-common-c-svgicon--cal-export tribe-events-c-subscribe-dropdown__export-icon\" \taria-hidden=\"true\"\n\tviewBox=\"0 0 23 17\"\n\txmlns=\"http:\/\/www.w3.org\/2000\/svg\"\n>\n\t<path fill-rule=\"evenodd\" clip-rule=\"evenodd\" d=\"M.128.896V16.13c0 .211.145.383.323.383h15.354c.179 0 .323-.172.323-.383V.896c0-.212-.144-.383-.323-.383H.451C.273.513.128.684.128.896Zm16 6.742h-.901V4.679H1.009v10.729h14.218v-3.336h.901V7.638ZM1.01 1.614h14.218v2.058H1.009V1.614Z\" \/>\n\t<path d=\"M20.5 9.846H8.312M18.524 6.953l2.89 2.909-2.855 2.855\" stroke-width=\"1.2\" stroke-linecap=\"round\" stroke-linejoin=\"round\"\/>\n<\/svg>\n\t\t\t\t\t\t<button\n\t\t\t\t\t\t\tclass=\"tribe-events-c-subscribe-dropdown__button-text\"\n\t\t\t\t\t\t\taria-expanded=\"false\"\n\t\t\t\t\t\t\taria-controls=\"tribe-events-subscribe-dropdown-content\"\n\t\t\t\t\t\t\taria-label=\"Zeige Links an um Veranstaltungen zu deinem Kalender hinzuzuf\u00fcgen\"\n\t\t\t\t\t\t>\n\t\t\t\t\t\t\tZum Kalender hinzuf\u00fcgen\t\t\t\t\t\t<\/button>\n\t\t\t\t\t\t<svg\n\t class=\"tribe-common-c-svgicon tribe-common-c-svgicon--caret-down tribe-events-c-subscribe-dropdown__button-icon\" \taria-hidden=\"true\"\n\tviewBox=\"0 0 10 7\"\n\txmlns=\"http:\/\/www.w3.org\/2000\/svg\"\n>\n\t<path fill-rule=\"evenodd\" clip-rule=\"evenodd\" d=\"M1.008.609L5 4.6 8.992.61l.958.958L5 6.517.05 1.566l.958-.958z\" class=\"tribe-common-c-svgicon__svg-fill\"\/>\n<\/svg>\n\t\t\t\t\t<\/div>\n\t\t\t\t\t<div id=\"tribe-events-subscribe-dropdown-content\" class=\"tribe-events-c-subscribe-dropdown__content\">\n\t\t\t\t\t\t<ul class=\"tribe-events-c-subscribe-dropdown__list\">\n\t\t\t\t\t\t\t\t\t\t\t\t\t\t\t<li class=\"tribe-events-c-subscribe-dropdown__list-item tribe-events-c-subscribe-dropdown__list-item--gcal\">\n\t\t\t\t\t\t\t\t\t<a\n\t\t\t\t\t\t\t\t\t\thref=\"https:\/\/www.google.com\/calendar\/event?action=TEMPLATE&#038;dates=20251013T080000\/20251017T180000&#038;text=Gedenkst%C3%A4ttenfahrt%20Sachsenhausen&#038;details=%3Cfigure+class%3D%22wp-block-image+size-large%22%3E%3Ca+href%3D%22https%3A%2F%2Fwww.awo-jugendwerk-lsa.de%2Fawowp%2Fwp-content%2Fuploads%2F2025%2F07%2FFlyer-Sachsenhausen-mit-Rahmen.png%22%3E%3Cimg+src%3D%22https%3A%2F%2Fwww.awo-jugendwerk-lsa.de%2Fawowp%2Fwp-content%2Fuploads%2F2025%2F07%2FFlyer-Sachsenhausen-mit-Rahmen-1024x1024.png%22+alt%3D%22%22+class%3D%22wp-image-7971%22%2F%3E%3C%2Fa%3E%3C%2Ffigure%3E%3Cp+style%3D%22font-weight%3A+400%3B%22%3EIn+der+heutigen+Gedenk-+und+Bildungsst%C3%A4tte+%E2%80%9EHaus+der+Wannsee-Konferenz%E2%80%9C+besprachen+am+20.+Januar+1942+f%C3%BCnfzehn+hochrangige+Vertreter+der+SS%2C+der+NSDAP+und+verschiedener+Reichsministerien+die+Kooperation+bei+der+geplanten+Deportation+und+Ermordung+der+europ%C3%A4ischen+J%C3%BCdinnen+und+Juden.%3C%2Fp%3E+%3Cp+style%3D%22font-weight%3A+400%3B%22%3EDas+Gel%C3%A4nde+der+heutigen+Gedenkst%C3%A4tte+Sachsenhausen+war+in+der+Zeit+von+1936+bis+1945+eines+der+gr%C3%B6%C3%9Ften+Konzentrationslager+auf+deutschem+Reichsgebiet.%3Cbr+%2F%3E%3Cbr+%2F%3EIm+Rahmen+der+geplanten+Studienfahrt+werden+wir+diesen+Gedenk-+und+Erinnerungsort+besuchen.+Wir+werden+uns+in+der+Gedenkst%C3%A4tte+Sachsenhausen+an+drei+T%3C%2Fp%3E+%28Zeige+vollst%C3%A4ndige+Veranstaltung-Beschreibung+hier+an%3A+https%3A%2F%2Fwww.awo-jugendwerk-lsa.de%2Fawowp%2Fevent%2Fgedenkstaettenfahrt-sachsenhausen%2F%29&#038;trp=false&#038;ctz=UTC+1&#038;sprop=website:https:\/\/www.awo-jugendwerk-lsa.de\/awowp\"\n\t\t\t\t\t\t\t\t\t\tclass=\"tribe-events-c-subscribe-dropdown__list-item-link\"\n\t\t\t\t\t\t\t\t\t\ttarget=\"_blank\"\n\t\t\t\t\t\t\t\t\t\trel=\"noopener noreferrer nofollow noindex\"\n\t\t\t\t\t\t\t\t\t>\n\t\t\t\t\t\t\t\t\t\tGoogle Kalender\t\t\t\t\t\t\t\t\t<\/a>\n\t\t\t\t\t\t\t\t<\/li>\n\t\t\t\t\t\t\t\t\t\t\t\t\t\t\t<li class=\"tribe-events-c-subscribe-dropdown__list-item tribe-events-c-subscribe-dropdown__list-item--ical\">\n\t\t\t\t\t\t\t\t\t<a\n\t\t\t\t\t\t\t\t\t\thref=\"\"\n\t\t\t\t\t\t\t\t\t\tclass=\"tribe-events-c-subscribe-dropdown__list-item-link\"\n\t\t\t\t\t\t\t\t\t\ttarget=\"_blank\"\n\t\t\t\t\t\t\t\t\t\trel=\"noopener noreferrer nofollow noindex\"\n\t\t\t\t\t\t\t\t\t>\n\t\t\t\t\t\t\t\t\t\tiCalendar\t\t\t\t\t\t\t\t\t<\/a>\n\t\t\t\t\t\t\t\t<\/li>\n\t\t\t\t\t\t\t\t\t\t\t\t\t\t\t<li class=\"tribe-events-c-subscribe-dropdown__list-item tribe-events-c-subscribe-dropdown__list-item--outlook-365\">\n\t\t\t\t\t\t\t\t\t<a\n\t\t\t\t\t\t\t\t\t\thref=\"\"\n\t\t\t\t\t\t\t\t\t\tclass=\"tribe-events-c-subscribe-dropdown__list-item-link\"\n\t\t\t\t\t\t\t\t\t\ttarget=\"_blank\"\n\t\t\t\t\t\t\t\t\t\trel=\"noopener noreferrer nofollow noindex\"\n\t\t\t\t\t\t\t\t\t>\n\t\t\t\t\t\t\t\t\t\tOutlook 365\t\t\t\t\t\t\t\t\t<\/a>\n\t\t\t\t\t\t\t\t<\/li>\n\t\t\t\t\t\t\t\t\t\t\t\t\t\t\t<li class=\"tribe-events-c-subscribe-dropdown__list-item tribe-events-c-subscribe-dropdown__list-item--outlook-live\">\n\t\t\t\t\t\t\t\t\t<a\n\t\t\t\t\t\t\t\t\t\thref=\"\"\n\t\t\t\t\t\t\t\t\t\tclass=\"tribe-events-c-subscribe-dropdown__list-item-link\"\n\t\t\t\t\t\t\t\t\t\ttarget=\"_blank\"\n\t\t\t\t\t\t\t\t\t\trel=\"noopener noreferrer nofollow noindex\"\n\t\t\t\t\t\t\t\t\t>\n\t\t\t\t\t\t\t\t\t\tOutlook Live\t\t\t\t\t\t\t\t\t<\/a>\n\t\t\t\t\t\t\t\t<\/li>\n\t\t\t\t\t\t\t\t\t\t\t\t\t<\/ul>\n\t\t\t\t\t<\/div>\n\t\t\t\t<\/div>\n\t\t\t<\/div>\n\t\t<\/div>\n\t<\/div>\n\n","protected":false},"excerpt":{"rendered":"<p>In der heutigen Gedenk- und Bildungsst\u00e4tte \u201eHaus der Wannsee-Konferenz\u201c besprachen am 20. Januar 1942 f\u00fcnfzehn hochrangige Vertreter der SS, der NSDAP und verschiedener Reichsministerien die Kooperation bei der geplanten Deportation und Ermordung der europ\u00e4ischen J\u00fcdinnen und Juden. Das Gel\u00e4nde der heutigen Gedenkst\u00e4tte Sachsenhausen war in der Zeit von 1936 bis 1945 eines der gr\u00f6\u00dften Konzentrationslager <a class=\"more-link\" href=\"https:\/\/www.awo-jugendwerk-lsa.de\/awowp\/event\/gedenkstaettenfahrt-sachsenhausen\/\">weiterlesen&#8230;<\/a><\/p>\n","protected":false},"author":26,"featured_media":0,"template":"","meta":{"_EventAllDay":false,"_EventTimezone":"UTC+1","_EventStartDate":"2025-10-13 08:00:00","_EventEndDate":"2025-10-17 18:00:00","_EventStartDateUTC":"2025-10-13 06:00:00","_EventEndDateUTC":"2025-10-17 16:00:00","_EventShowMap":false,"_EventShowMapLink":false,"_EventURL":"","_EventCost":"","_EventCostDescription":"","_EventCurrencySymbol":"\u20ac","_EventCurrencyCode":"USD","_EventCurrencyPosition":"suffix","_EventDateTimeSeparator":", ","_EventTimeRangeSeparator":" - ","_EventOrganizerID":[],"_EventVenueID":[],"_OrganizerEmail":"","_OrganizerPhone":"","_OrganizerWebsite":"","_VenueAddress":"","_VenueCity":"","_VenueCountry":"","_VenueProvince":"","_VenueState":"","_VenueZip":"","_VenuePhone":"","_VenueURL":"","_VenueStateProvince":"","_VenueLat":"","_VenueLng":"","_VenueShowMap":false,"_VenueShowMapLink":false,"_tribe_events_status":"","_tribe_events_status_reason":"","footnotes":""},"tags":[],"tribe_events_cat":[],"class_list":["post-7966","tribe_events","type-tribe_events","status-publish","hentry"],"_links":{"self":[{"href":"https:\/\/www.awo-jugendwerk-lsa.de\/awowp\/wp-json\/wp\/v2\/tribe_events\/7966","targetHints":{"allow":["GET"]}}],"collection":[{"href":"https:\/\/www.awo-jugendwerk-lsa.de\/awowp\/wp-json\/wp\/v2\/tribe_events"}],"about":[{"href":"https:\/\/www.awo-jugendwerk-lsa.de\/awowp\/wp-json\/wp\/v2\/types\/tribe_events"}],"author":[{"embeddable":true,"href":"https:\/\/www.awo-jugendwerk-lsa.de\/awowp\/wp-json\/wp\/v2\/users\/26"}],"version-history":[{"count":4,"href":"https:\/\/www.awo-jugendwerk-lsa.de\/awowp\/wp-json\/wp\/v2\/tribe_events\/7966\/revisions"}],"predecessor-version":[{"id":7973,"href":"https:\/\/www.awo-jugendwerk-lsa.de\/awowp\/wp-json\/wp\/v2\/tribe_events\/7966\/revisions\/7973"}],"wp:attachment":[{"href":"https:\/\/www.awo-jugendwerk-lsa.de\/awowp\/wp-json\/wp\/v2\/media?parent=7966"}],"wp:term":[{"taxonomy":"post_tag","embeddable":true,"href":"https:\/\/www.awo-jugendwerk-lsa.de\/awowp\/wp-json\/wp\/v2\/tags?post=7966"},{"taxonomy":"tribe_events_cat","embeddable":true,"href":"https:\/\/www.awo-jugendwerk-lsa.de\/awowp\/wp-json\/wp\/v2\/tribe_events_cat?post=7966"}],"curies":[{"name":"wp","href":"https:\/\/api.w.org\/{rel}","templated":true}]}}