{"id":7417,"date":"2024-05-29T11:12:09","date_gmt":"2024-05-29T10:12:09","guid":{"rendered":"https:\/\/www.awo-jugendwerk-lsa.de\/awowp\/?post_type=tribe_events&#038;p=7417"},"modified":"2024-05-29T11:12:12","modified_gmt":"2024-05-29T10:12:12","slug":"natur-in-der-stadt-erleben-2","status":"publish","type":"tribe_events","link":"https:\/\/www.awo-jugendwerk-lsa.de\/awowp\/event\/natur-in-der-stadt-erleben-2\/","title":{"rendered":"Natur in der Stadt erleben"},"content":{"rendered":"<div  class=\"tribe-events-schedule tribe-clearfix\" >\n\t<p class=\"tribe-events-schedule__datetime\">\n\t\t<span class=\"tribe-events-schedule__date tribe-events-schedule__date--start\">\n\t\t\t29.07.2024\t\t<\/span>\n\n\t\t\n\t\t\t\t\t\t\t\t\t<span class=\"tribe-events-schedule__separator tribe-events-schedule__separator--time\">\n\t\t\t\t\t &#8211; \t\t\t\t<\/span>\n\t\t\t\n\t\t\t\t\t\t\t<span class=\"tribe-events-schedule__date tribe-events-schedule__date--end\">\n\t\t\t\t\t02.08.2024\t\t\t\t<\/span>\n\n\t\t\t\t\n\t\t\t\n\t\t\t\t\t\t<\/p>\n<\/div>\n\n\n\n<p><\/p>\n\n\n\n<h2 class=\"wp-block-heading\">Natur- und Kreativwoche <\/h2>\n\n\n\n<p>Natur in der Stadt &#8211; wie passt das denn zusammen? Lasst es<br>uns herausfinden! Eine Woche lang gehen wir auf<br>Entdeckungstour und erkunden mit allen Sinnen die vielf\u00e4ltige<br>Tier- und Pflanzenwelt, die sich die Stadt mit uns teilt.<br>Dabei wollen wir achtsam mit der Natur und mit uns selbst<br>umgehen.<br>Die Eindr\u00fccke, die wir sammeln, werden unsere Kreativit\u00e4t<br>befl\u00fcgeln.<br>Beim T\u00f6pfern, Basteln und Malen kannst du deine eigenen<br>Kunstwerke erschaffen und deine Fantasie zum Leben<br>erwecken.<\/p>\n\n\n\n<p class=\"has-text-align-center\">F\u00fcr Kinder zwischen 8 &#8211; 12 Jahren <\/p>\n\n\n\n<p class=\"has-text-align-center\">vom 29.07. &#8211; 02.08.2024<\/p>\n\n\n\n<p class=\"has-text-align-center\">Montags bis Freitags jeweils 09:00 &#8211; 15:00 Uhr <\/p>\n\n\n\n<p class=\"has-text-align-center\">Im \u00d6kozentrum Magdeburg, Harsdorfer Str. 49 39110 Magdeburg<\/p>\n\n\n\n<p class=\"has-text-align-center\">Kosten: 20,- Euro <\/p>\n\n\n\n<div style=\"height:100px\" aria-hidden=\"true\" class=\"wp-block-spacer\"><\/div>\n\n\n\n<p>Anmeldungen bitte bis sp\u00e4testens 12.07.2024 an:<br>Bildung@AWO-Jugendwerk-LSA.de<br>oder unter:<br>0151 62703260 (gern auch per WhatsApp oder Signal)<\/p>\n\n\n\n<p><br><em>Landesjugendwerk der AWO Sachsen-Anhalt e.V.<br>Sch\u00f6nebecker Stra\u00dfe 82-84<br>39104 Magdeburg-Buckau<br>Tel.: 0391-40 82 90 90<\/em><\/p>\n\n\n\n<p><br>Hauptverantwortlich f\u00fcr die Planung und Durchf\u00fchrung der Ferienwoche ist unsere Jugendbildungsreferentin Kirsten Vogt.<\/p>\n\n\n\n<p><br>Nach der Anmeldung versenden wir eine Best\u00e4tigung sowie weitere<br>Informationen zu dieser Woche.<\/p>\n\n\n\n<p>Weitere Informationen auf unserem<a href=\"https:\/\/acrobat.adobe.com\/id\/urn:aaid:sc:EU:43c6461b-3146-406b-b0be-7eab526f5153\" data-type=\"link\" data-id=\"https:\/\/acrobat.adobe.com\/id\/urn:aaid:sc:EU:43c6461b-3146-406b-b0be-7eab526f5153\"> Flyer.<\/a><\/p>\n\n\n\n<div class=\"wp-block-buttons is-content-justification-center is-layout-flex wp-container-core-buttons-is-layout-16018d1d wp-block-buttons-is-layout-flex\">\n<div class=\"wp-block-button is-style-fill\"><a class=\"wp-block-button__link has-luminous-vivid-orange-to-vivid-red-gradient-background has-background has-text-align-center wp-element-button\" href=\"https:\/\/jw-intra.net\/index.php\/apps\/forms\/s\/xnFEiLHf6ct2kdAS67kXgmKw\">JETZT ANMELDEN<\/a><\/div>\n<\/div>\n\n\n<div  class=\"tribe-block tribe-block__event-price\" >\n\t\t<\/div>\n\n\n\n\n<div  class=\"tribe-block tribe-block__venue tribe-clearfix\" >\n\t\n\t\t\n\t<\/div>\n\n\n\n\n\t<div  class=\"tribe-block tribe-block__events-link\" >\n\t\t<div class=\"tribe-events tribe-common\">\n\t\t\t<div class=\"tribe-events-c-subscribe-dropdown__container\">\n\t\t\t\t<div class=\"tribe-events-c-subscribe-dropdown\">\n\t\t\t\t\t<div class=\"tribe-common-c-btn-border tribe-events-c-subscribe-dropdown__button\">\n\t\t\t\t\t\t<svg\n\t class=\"tribe-common-c-svgicon tribe-common-c-svgicon--cal-export tribe-events-c-subscribe-dropdown__export-icon\" \taria-hidden=\"true\"\n\tviewBox=\"0 0 23 17\"\n\txmlns=\"http:\/\/www.w3.org\/2000\/svg\"\n>\n\t<path fill-rule=\"evenodd\" clip-rule=\"evenodd\" d=\"M.128.896V16.13c0 .211.145.383.323.383h15.354c.179 0 .323-.172.323-.383V.896c0-.212-.144-.383-.323-.383H.451C.273.513.128.684.128.896Zm16 6.742h-.901V4.679H1.009v10.729h14.218v-3.336h.901V7.638ZM1.01 1.614h14.218v2.058H1.009V1.614Z\" \/>\n\t<path d=\"M20.5 9.846H8.312M18.524 6.953l2.89 2.909-2.855 2.855\" stroke-width=\"1.2\" stroke-linecap=\"round\" stroke-linejoin=\"round\"\/>\n<\/svg>\n\t\t\t\t\t\t<button\n\t\t\t\t\t\t\tclass=\"tribe-events-c-subscribe-dropdown__button-text\"\n\t\t\t\t\t\t\taria-expanded=\"false\"\n\t\t\t\t\t\t\taria-controls=\"tribe-events-subscribe-dropdown-content\"\n\t\t\t\t\t\t\taria-label=\"Zeige Links an um Veranstaltungen zu deinem Kalender hinzuzuf\u00fcgen\"\n\t\t\t\t\t\t>\n\t\t\t\t\t\t\tZum Kalender hinzuf\u00fcgen\t\t\t\t\t\t<\/button>\n\t\t\t\t\t\t<svg\n\t class=\"tribe-common-c-svgicon tribe-common-c-svgicon--caret-down tribe-events-c-subscribe-dropdown__button-icon\" \taria-hidden=\"true\"\n\tviewBox=\"0 0 10 7\"\n\txmlns=\"http:\/\/www.w3.org\/2000\/svg\"\n>\n\t<path fill-rule=\"evenodd\" clip-rule=\"evenodd\" d=\"M1.008.609L5 4.6 8.992.61l.958.958L5 6.517.05 1.566l.958-.958z\" class=\"tribe-common-c-svgicon__svg-fill\"\/>\n<\/svg>\n\t\t\t\t\t<\/div>\n\t\t\t\t\t<div id=\"tribe-events-subscribe-dropdown-content\" class=\"tribe-events-c-subscribe-dropdown__content\">\n\t\t\t\t\t\t<ul class=\"tribe-events-c-subscribe-dropdown__list\">\n\t\t\t\t\t\t\t\t\t\t\t\t\t\t\t<li class=\"tribe-events-c-subscribe-dropdown__list-item tribe-events-c-subscribe-dropdown__list-item--gcal\">\n\t\t\t\t\t\t\t\t\t<a\n\t\t\t\t\t\t\t\t\t\thref=\"https:\/\/www.google.com\/calendar\/event?action=TEMPLATE&#038;dates=20240729T000000\/20240802T235959&#038;text=Natur%20in%20der%20Stadt%20erleben&#038;details=%3Cp%3E%3C%2Fp%3E+%3Ch2+class%3D%22wp-block-heading%22%3ENatur-+und+Kreativwoche+%3C%2Fh2%3E%3Cp%3ENatur+in+der+Stadt+-+wie+passt+das+denn+zusammen%3F+Lasst+es%3Cbr+%2F%3Euns+herausfinden%21+Eine+Woche+lang+gehen+wir+auf%3Cbr+%2F%3EEntdeckungstour+und+erkunden+mit+allen+Sinnen+die+vielf%C3%A4ltige%3Cbr+%2F%3ETier-+und+Pflanzenwelt%2C+die+sich+die+Stadt+mit+uns+teilt.%3Cbr+%2F%3EDabei+wollen+wir+achtsam+mit+der+Natur+und+mit+uns+selbst%3Cbr+%2F%3Eumgehen.%3Cbr+%2F%3EDie+Eindr%C3%BCcke%2C+die+wir+sammeln%2C+werden+unsere+Kreativit%C3%A4t%3Cbr+%2F%3Ebefl%C3%BCgeln.%3Cbr+%2F%3EBeim+T%C3%B6pfern%2C+Basteln+und+Malen+kannst+du+deine+eigenen%3Cbr+%2F%3EKunstwerke+erschaffen+und+deine+Fantasie+zum+Leben%3Cbr+%2F%3Eerwecken.%3C%2Fp%3E+%3Cp+class%3D%22has-text-align-center%22%3EF%C3%BCr+Kinder+zwischen+8+-+12+Jahren+%3C%2Fp%3E+%3Cp+class%3D%22has-text-align-center%22%3Evom+29.07.+-+02.08.2024%3C%2Fp%3E+%3Cp+class%3D%22has-text-align-center%22%3EMontags+bis+Freitags+jeweils+09%3A00+-+15%3A00+Uhr+%3C%2Fp%3E+%3Cp+class%3D%22has-text-align-center%22%3EIm+%C3%96kozentrum+Magdeburg%2C+Harsdorfer+Str.+49+39110+Magdeburg%3C%2Fp%3E+%3Cp+class%3D%22has-text-align-center%22%3EKosten%3A+20%2C-+Euro+%3C%2Fp%3E++%28Zeige+vollst%C3%A4ndige+Veranstaltung-Beschreibung+hier+an%3A+https%3A%2F%2Fwww.awo-jugendwerk-lsa.de%2Fawowp%2Fevent%2Fnatur-in-der-stadt-erleben-2%2F%29&#038;trp=false&#038;ctz=UTC+1&#038;sprop=website:https:\/\/www.awo-jugendwerk-lsa.de\/awowp\"\n\t\t\t\t\t\t\t\t\t\tclass=\"tribe-events-c-subscribe-dropdown__list-item-link\"\n\t\t\t\t\t\t\t\t\t\ttarget=\"_blank\"\n\t\t\t\t\t\t\t\t\t\trel=\"noopener noreferrer nofollow noindex\"\n\t\t\t\t\t\t\t\t\t>\n\t\t\t\t\t\t\t\t\t\tGoogle Kalender\t\t\t\t\t\t\t\t\t<\/a>\n\t\t\t\t\t\t\t\t<\/li>\n\t\t\t\t\t\t\t\t\t\t\t\t\t\t\t<li class=\"tribe-events-c-subscribe-dropdown__list-item tribe-events-c-subscribe-dropdown__list-item--ical\">\n\t\t\t\t\t\t\t\t\t<a\n\t\t\t\t\t\t\t\t\t\thref=\"\"\n\t\t\t\t\t\t\t\t\t\tclass=\"tribe-events-c-subscribe-dropdown__list-item-link\"\n\t\t\t\t\t\t\t\t\t\ttarget=\"_blank\"\n\t\t\t\t\t\t\t\t\t\trel=\"noopener noreferrer nofollow noindex\"\n\t\t\t\t\t\t\t\t\t>\n\t\t\t\t\t\t\t\t\t\tiCalendar\t\t\t\t\t\t\t\t\t<\/a>\n\t\t\t\t\t\t\t\t<\/li>\n\t\t\t\t\t\t\t\t\t\t\t\t\t\t\t<li class=\"tribe-events-c-subscribe-dropdown__list-item tribe-events-c-subscribe-dropdown__list-item--outlook-365\">\n\t\t\t\t\t\t\t\t\t<a\n\t\t\t\t\t\t\t\t\t\thref=\"\"\n\t\t\t\t\t\t\t\t\t\tclass=\"tribe-events-c-subscribe-dropdown__list-item-link\"\n\t\t\t\t\t\t\t\t\t\ttarget=\"_blank\"\n\t\t\t\t\t\t\t\t\t\trel=\"noopener noreferrer nofollow noindex\"\n\t\t\t\t\t\t\t\t\t>\n\t\t\t\t\t\t\t\t\t\tOutlook 365\t\t\t\t\t\t\t\t\t<\/a>\n\t\t\t\t\t\t\t\t<\/li>\n\t\t\t\t\t\t\t\t\t\t\t\t\t\t\t<li class=\"tribe-events-c-subscribe-dropdown__list-item tribe-events-c-subscribe-dropdown__list-item--outlook-live\">\n\t\t\t\t\t\t\t\t\t<a\n\t\t\t\t\t\t\t\t\t\thref=\"\"\n\t\t\t\t\t\t\t\t\t\tclass=\"tribe-events-c-subscribe-dropdown__list-item-link\"\n\t\t\t\t\t\t\t\t\t\ttarget=\"_blank\"\n\t\t\t\t\t\t\t\t\t\trel=\"noopener noreferrer nofollow noindex\"\n\t\t\t\t\t\t\t\t\t>\n\t\t\t\t\t\t\t\t\t\tOutlook Live\t\t\t\t\t\t\t\t\t<\/a>\n\t\t\t\t\t\t\t\t<\/li>\n\t\t\t\t\t\t\t\t\t\t\t\t\t<\/ul>\n\t\t\t\t\t<\/div>\n\t\t\t\t<\/div>\n\t\t\t<\/div>\n\t\t<\/div>\n\t<\/div>\n\n","protected":false},"excerpt":{"rendered":"<p>Natur- und Kreativwoche Natur in der Stadt &#8211; wie passt das denn zusammen? Lasst esuns herausfinden! Eine Woche lang gehen wir aufEntdeckungstour und erkunden mit allen Sinnen die vielf\u00e4ltigeTier- und Pflanzenwelt, die sich die Stadt mit uns teilt.Dabei wollen wir achtsam mit der Natur und mit uns selbstumgehen.Die Eindr\u00fccke, die wir sammeln, werden unsere Kreativit\u00e4tbefl\u00fcgeln.Beim <a class=\"more-link\" href=\"https:\/\/www.awo-jugendwerk-lsa.de\/awowp\/event\/natur-in-der-stadt-erleben-2\/\">weiterlesen&#8230;<\/a><\/p>\n","protected":false},"author":28,"featured_media":0,"template":"","meta":{"_EventAllDay":true,"_EventTimezone":"UTC+1","_EventStartDate":"2024-07-29 00:00:00","_EventEndDate":"2024-08-02 23:59:59","_EventStartDateUTC":"2024-07-28 22:00:00","_EventEndDateUTC":"2024-08-02 21:59:59","_EventShowMap":false,"_EventShowMapLink":false,"_EventURL":"","_EventCost":"","_EventCostDescription":"","_EventCurrencySymbol":"\u20ac","_EventCurrencyCode":"USD","_EventCurrencyPosition":"suffix","_EventDateTimeSeparator":", ","_EventTimeRangeSeparator":" - ","_EventOrganizerID":[],"_EventVenueID":[],"_OrganizerEmail":"","_OrganizerPhone":"","_OrganizerWebsite":"","_VenueAddress":"","_VenueCity":"","_VenueCountry":"","_VenueProvince":"","_VenueState":"","_VenueZip":"","_VenuePhone":"","_VenueURL":"","_VenueStateProvince":"","_VenueLat":"","_VenueLng":"","_VenueShowMap":false,"_VenueShowMapLink":false,"_tribe_events_status":"","_tribe_events_status_reason":"","footnotes":""},"tags":[],"tribe_events_cat":[],"class_list":["post-7417","tribe_events","type-tribe_events","status-publish","hentry"],"_links":{"self":[{"href":"https:\/\/www.awo-jugendwerk-lsa.de\/awowp\/wp-json\/wp\/v2\/tribe_events\/7417","targetHints":{"allow":["GET"]}}],"collection":[{"href":"https:\/\/www.awo-jugendwerk-lsa.de\/awowp\/wp-json\/wp\/v2\/tribe_events"}],"about":[{"href":"https:\/\/www.awo-jugendwerk-lsa.de\/awowp\/wp-json\/wp\/v2\/types\/tribe_events"}],"author":[{"embeddable":true,"href":"https:\/\/www.awo-jugendwerk-lsa.de\/awowp\/wp-json\/wp\/v2\/users\/28"}],"version-history":[{"count":1,"href":"https:\/\/www.awo-jugendwerk-lsa.de\/awowp\/wp-json\/wp\/v2\/tribe_events\/7417\/revisions"}],"predecessor-version":[{"id":7418,"href":"https:\/\/www.awo-jugendwerk-lsa.de\/awowp\/wp-json\/wp\/v2\/tribe_events\/7417\/revisions\/7418"}],"wp:attachment":[{"href":"https:\/\/www.awo-jugendwerk-lsa.de\/awowp\/wp-json\/wp\/v2\/media?parent=7417"}],"wp:term":[{"taxonomy":"post_tag","embeddable":true,"href":"https:\/\/www.awo-jugendwerk-lsa.de\/awowp\/wp-json\/wp\/v2\/tags?post=7417"},{"taxonomy":"tribe_events_cat","embeddable":true,"href":"https:\/\/www.awo-jugendwerk-lsa.de\/awowp\/wp-json\/wp\/v2\/tribe_events_cat?post=7417"}],"curies":[{"name":"wp","href":"https:\/\/api.w.org\/{rel}","templated":true}]}}