{"id":7009,"date":"2023-05-05T07:42:26","date_gmt":"2023-05-05T06:42:26","guid":{"rendered":"https:\/\/www.awo-jugendwerk-lsa.de\/awowp\/?post_type=tribe_events&#038;p=7009"},"modified":"2023-05-05T07:56:19","modified_gmt":"2023-05-05T06:56:19","slug":"kraeuterwanderung-im-stadtpark","status":"publish","type":"tribe_events","link":"https:\/\/www.awo-jugendwerk-lsa.de\/awowp\/event\/kraeuterwanderung-im-stadtpark\/","title":{"rendered":"Kr\u00e4uterwanderung im Stadtpark"},"content":{"rendered":"<div  class=\"tribe-events-schedule tribe-clearfix\" >\n\t<p class=\"tribe-events-schedule__datetime\">\n\t\t<span class=\"tribe-events-schedule__date tribe-events-schedule__date--start\">\n\t\t\t10.06.2023\t\t<\/span>\n\n\t\t\t\t\t<span class=\"tribe-events-schedule__separator tribe-events-schedule__separator--date\">\n\t\t\t\t, \t\t\t<\/span>\n\t\t\t<span class=\"tribe-events-schedule__time tribe-events-schedule__time--start\">\n\t\t\t\t10:00\t\t\t<\/span>\n\t\t\n\t\t\t<\/p>\n<\/div>\n\n\n\n<p class=\"has-text-align-center\">Der Fr\u00fchling steht in voller Bl\u00fcte, die warmen Winde verk\u00fcnden schon den nahenden Sommer und wir begeben uns wieder auf die Suche nach Wildkr\u00e4utern. <\/p>\n\n\n\n<p class=\"has-text-align-center\">Auf unserer Kr\u00e4uterwanderung lernst du verschiedene Wildkr\u00e4uter kennen, sie zu unterscheiden und was du mit ihnen machen kannst.<\/p>\n\n\n\n<p class=\"has-text-align-center\">Bei gutem Wetter werden wir zum Abschluss ein Wildkr\u00e4utersalz und eine Sommerbowle herstellen und verkosten. <\/p>\n\n\n\n<p class=\"has-text-align-center\">Bitte kleide dich dem Wetter entsprechend. Wir sind die ganze Zeit drau\u00dfen. Au\u00dferdem brauchst du einen kleinen Korb oder \u00e4hnliches zum Sammeln deiner Kr\u00e4uter. Auch ein kleines scharfes Messer kann hilfreich sein. <\/p>\n\n\n\n<p class=\"has-text-align-center\"><strong>10\u20ac&nbsp;<\/strong>(Preis enth\u00e4lt Material, Verpflegung und Kosten f\u00fcr die Referentin)<\/p>\n\n\n\n<p class=\"has-text-align-center\">Ggf. kann aufgrund besonderer Lebensumst\u00e4nde auf den Teilnahmebeitrag verzichtet werden.<\/p>\n\n\n\n<p class=\"has-text-align-center\">Du kannst dich am besten per E-Mail<\/p>\n\n\n\n<p class=\"has-text-align-center\">anmelden, gern aber auch per Post<\/p>\n\n\n\n<p class=\"has-text-align-center\">oder Telefon:<br><br><strong>Bildung@AWO-Jugendwerk-LSA.de<\/strong><\/p>\n\n\n\n<p class=\"has-text-align-center\"><strong>Tel: 0391-40 82 90 90<\/strong><\/p>\n\n\n\n<p class=\"has-text-align-center\"><strong>Fax: 0391-40 82 458<\/strong><\/p>\n\n\n\n<p class=\"has-text-align-center\">Nach der Anmeldung versenden wir eine Best\u00e4tigung sowie weitere Informationen zu dieser Veranstaltung.<\/p>\n\n\n\n<p class=\"has-text-align-center\">Hauptverantwortlich f\u00fcr die Planung und Durchf\u00fchrung der Veranstaltung<br>ist&nbsp;<strong>unsere Jugendbildungsreferentin<\/strong><\/p>\n\n\n\n<p class=\"has-text-align-center\"><strong>Carina Lederich<\/strong><strong>.<\/strong><\/p>\n\n\n\n<p class=\"has-text-align-center\">Detaillierte Informationen kannst du dem\u00a0<a rel=\"noreferrer noopener\" href=\"https:\/\/www.awo-jugendwerk-lsa.de\/awowp\/wp-content\/uploads\/2023\/05\/Flyer_Kraeuterwanderung.pdf\" data-type=\"URL\" data-id=\"https:\/\/www.awo-jugendwerk-lsa.de\/awowp\/wp-content\/uploads\/2023\/05\/Flyer_Kraeuterwanderung.pdf\" target=\"_blank\">Flyer<\/a>\u00a0entnehmen.<\/p>\n\n\n\n<p class=\"has-text-align-center\"><a href=\"https:\/\/www.awo-jugendwerk-lsa.de\/awowp\/kontakt-veranstaltung\/\" data-type=\"URL\" data-id=\"https:\/\/www.awo-jugendwerk-lsa.de\/awowp\/kontakt-veranstaltung\/\"><img loading=\"lazy\" decoding=\"async\" width=\"100\" height=\"25\" class=\"wp-image-7048\" style=\"width: 100px;\" src=\"https:\/\/www.awo-jugendwerk-lsa.de\/awowp\/wp-content\/uploads\/2023\/05\/grafik.png\" alt=\"\" srcset=\"https:\/\/www.awo-jugendwerk-lsa.de\/awowp\/wp-content\/uploads\/2023\/05\/grafik.png 100w, https:\/\/www.awo-jugendwerk-lsa.de\/awowp\/wp-content\/uploads\/2023\/05\/grafik-24x6.png 24w, https:\/\/www.awo-jugendwerk-lsa.de\/awowp\/wp-content\/uploads\/2023\/05\/grafik-36x9.png 36w, https:\/\/www.awo-jugendwerk-lsa.de\/awowp\/wp-content\/uploads\/2023\/05\/grafik-48x12.png 48w\" sizes=\"auto, (max-width: 100px) 100vw, 100px\" \/><\/a><\/p>\n\n\n<div  class=\"tribe-block tribe-block__event-price\" >\n\t\t<\/div>\n\n\n\n\n<div  class=\"tribe-block tribe-block__venue tribe-clearfix\" >\n\t\n\t\t\n\t<\/div>\n\n\n\n\n\t<div  class=\"tribe-block tribe-block__events-link\" >\n\t\t<div class=\"tribe-events tribe-common\">\n\t\t\t<div class=\"tribe-events-c-subscribe-dropdown__container\">\n\t\t\t\t<div class=\"tribe-events-c-subscribe-dropdown\">\n\t\t\t\t\t<div class=\"tribe-common-c-btn-border tribe-events-c-subscribe-dropdown__button\">\n\t\t\t\t\t\t<svg\n\t class=\"tribe-common-c-svgicon tribe-common-c-svgicon--cal-export tribe-events-c-subscribe-dropdown__export-icon\" \taria-hidden=\"true\"\n\tviewBox=\"0 0 23 17\"\n\txmlns=\"http:\/\/www.w3.org\/2000\/svg\"\n>\n\t<path fill-rule=\"evenodd\" clip-rule=\"evenodd\" d=\"M.128.896V16.13c0 .211.145.383.323.383h15.354c.179 0 .323-.172.323-.383V.896c0-.212-.144-.383-.323-.383H.451C.273.513.128.684.128.896Zm16 6.742h-.901V4.679H1.009v10.729h14.218v-3.336h.901V7.638ZM1.01 1.614h14.218v2.058H1.009V1.614Z\" \/>\n\t<path d=\"M20.5 9.846H8.312M18.524 6.953l2.89 2.909-2.855 2.855\" stroke-width=\"1.2\" stroke-linecap=\"round\" stroke-linejoin=\"round\"\/>\n<\/svg>\n\t\t\t\t\t\t<button\n\t\t\t\t\t\t\tclass=\"tribe-events-c-subscribe-dropdown__button-text\"\n\t\t\t\t\t\t\taria-expanded=\"false\"\n\t\t\t\t\t\t\taria-controls=\"tribe-events-subscribe-dropdown-content\"\n\t\t\t\t\t\t\taria-label=\"Zeige Links an um Veranstaltungen zu deinem Kalender hinzuzuf\u00fcgen\"\n\t\t\t\t\t\t>\n\t\t\t\t\t\t\tZum Kalender hinzuf\u00fcgen\t\t\t\t\t\t<\/button>\n\t\t\t\t\t\t<svg\n\t class=\"tribe-common-c-svgicon tribe-common-c-svgicon--caret-down tribe-events-c-subscribe-dropdown__button-icon\" \taria-hidden=\"true\"\n\tviewBox=\"0 0 10 7\"\n\txmlns=\"http:\/\/www.w3.org\/2000\/svg\"\n>\n\t<path fill-rule=\"evenodd\" clip-rule=\"evenodd\" d=\"M1.008.609L5 4.6 8.992.61l.958.958L5 6.517.05 1.566l.958-.958z\" class=\"tribe-common-c-svgicon__svg-fill\"\/>\n<\/svg>\n\t\t\t\t\t<\/div>\n\t\t\t\t\t<div id=\"tribe-events-subscribe-dropdown-content\" class=\"tribe-events-c-subscribe-dropdown__content\">\n\t\t\t\t\t\t<ul class=\"tribe-events-c-subscribe-dropdown__list\">\n\t\t\t\t\t\t\t\t\t\t\t\t\t\t\t<li class=\"tribe-events-c-subscribe-dropdown__list-item tribe-events-c-subscribe-dropdown__list-item--gcal\">\n\t\t\t\t\t\t\t\t\t<a\n\t\t\t\t\t\t\t\t\t\thref=\"https:\/\/www.google.com\/calendar\/event?action=TEMPLATE&#038;dates=20230610T100000\/20230610T100000&#038;text=Kr%C3%A4uterwanderung%20im%20Stadtpark&#038;details=%3Cp+class%3D%22has-text-align-center%22%3EDer+Fr%C3%BChling+steht+in+voller+Bl%C3%BCte%2C+die+warmen+Winde+verk%C3%BCnden+schon+den+nahenden+Sommer+und+wir+begeben+uns+wieder+auf+die+Suche+nach+Wildkr%C3%A4utern.+%3C%2Fp%3E+%3Cp+class%3D%22has-text-align-center%22%3EAuf+unserer+Kr%C3%A4uterwanderung+lernst+du+verschiedene+Wildkr%C3%A4uter+kennen%2C+sie+zu+unterscheiden+und+was+du+mit+ihnen+machen+kannst.%3C%2Fp%3E+%3Cp+class%3D%22has-text-align-center%22%3EBei+gutem+Wetter+werden+wir+zum+Abschluss+ein+Wildkr%C3%A4utersalz+und+eine+Sommerbowle+herstellen+und+verkosten.+%3C%2Fp%3E+%3Cp+class%3D%22has-text-align-center%22%3EBitte+kleide+dich+dem+Wetter+entsprechend.+Wir+sind+die+ganze+Zeit+drau%C3%9Fen.+Au%C3%9Ferdem+brauchst+du+einen+kleinen+Korb+oder+%C3%A4hnliches+zum+Sammeln+deiner+Kr%C3%A4uter.+Auch+ein+kleines+scharfes+Messer+kann+hilfreich+sein.+%3C%2Fp%3E+%3Cp+class%3D%22has-text-align-center%22%3E%3Cstrong%3E10%E2%82%AC%26nbsp%3B%3C%2Fstrong%3E%28Preis+enth%C3%A4lt+Material%2C+Verpflegung+und+Kosten+f%C3%BCr+die+Referentin%29%3C%2Fp%3E+%3Cp+class%3D%22has-text-align-center%22%3EGgf.+kann+aufgrund+besonderer+Lebensumst%C3%A4n%3C%2Fp%3E+%28Zeige+vollst%C3%A4ndige+Veranstaltung-Beschreibung+hier+an%3A+https%3A%2F%2Fwww.awo-jugendwerk-lsa.de%2Fawowp%2Fevent%2Fkraeuterwanderung-im-stadtpark%2F%29&#038;trp=false&#038;ctz=UTC+1&#038;sprop=website:https:\/\/www.awo-jugendwerk-lsa.de\/awowp\"\n\t\t\t\t\t\t\t\t\t\tclass=\"tribe-events-c-subscribe-dropdown__list-item-link\"\n\t\t\t\t\t\t\t\t\t\ttarget=\"_blank\"\n\t\t\t\t\t\t\t\t\t\trel=\"noopener noreferrer nofollow noindex\"\n\t\t\t\t\t\t\t\t\t>\n\t\t\t\t\t\t\t\t\t\tGoogle Kalender\t\t\t\t\t\t\t\t\t<\/a>\n\t\t\t\t\t\t\t\t<\/li>\n\t\t\t\t\t\t\t\t\t\t\t\t\t\t\t<li class=\"tribe-events-c-subscribe-dropdown__list-item tribe-events-c-subscribe-dropdown__list-item--ical\">\n\t\t\t\t\t\t\t\t\t<a\n\t\t\t\t\t\t\t\t\t\thref=\"\"\n\t\t\t\t\t\t\t\t\t\tclass=\"tribe-events-c-subscribe-dropdown__list-item-link\"\n\t\t\t\t\t\t\t\t\t\ttarget=\"_blank\"\n\t\t\t\t\t\t\t\t\t\trel=\"noopener noreferrer nofollow noindex\"\n\t\t\t\t\t\t\t\t\t>\n\t\t\t\t\t\t\t\t\t\tiCalendar\t\t\t\t\t\t\t\t\t<\/a>\n\t\t\t\t\t\t\t\t<\/li>\n\t\t\t\t\t\t\t\t\t\t\t\t\t\t\t<li class=\"tribe-events-c-subscribe-dropdown__list-item tribe-events-c-subscribe-dropdown__list-item--outlook-365\">\n\t\t\t\t\t\t\t\t\t<a\n\t\t\t\t\t\t\t\t\t\thref=\"\"\n\t\t\t\t\t\t\t\t\t\tclass=\"tribe-events-c-subscribe-dropdown__list-item-link\"\n\t\t\t\t\t\t\t\t\t\ttarget=\"_blank\"\n\t\t\t\t\t\t\t\t\t\trel=\"noopener noreferrer nofollow noindex\"\n\t\t\t\t\t\t\t\t\t>\n\t\t\t\t\t\t\t\t\t\tOutlook 365\t\t\t\t\t\t\t\t\t<\/a>\n\t\t\t\t\t\t\t\t<\/li>\n\t\t\t\t\t\t\t\t\t\t\t\t\t\t\t<li class=\"tribe-events-c-subscribe-dropdown__list-item tribe-events-c-subscribe-dropdown__list-item--outlook-live\">\n\t\t\t\t\t\t\t\t\t<a\n\t\t\t\t\t\t\t\t\t\thref=\"\"\n\t\t\t\t\t\t\t\t\t\tclass=\"tribe-events-c-subscribe-dropdown__list-item-link\"\n\t\t\t\t\t\t\t\t\t\ttarget=\"_blank\"\n\t\t\t\t\t\t\t\t\t\trel=\"noopener noreferrer nofollow noindex\"\n\t\t\t\t\t\t\t\t\t>\n\t\t\t\t\t\t\t\t\t\tOutlook Live\t\t\t\t\t\t\t\t\t<\/a>\n\t\t\t\t\t\t\t\t<\/li>\n\t\t\t\t\t\t\t\t\t\t\t\t\t<\/ul>\n\t\t\t\t\t<\/div>\n\t\t\t\t<\/div>\n\t\t\t<\/div>\n\t\t<\/div>\n\t<\/div>\n\n","protected":false},"excerpt":{"rendered":"<p>Der Fr\u00fchling steht in voller Bl\u00fcte, die warmen Winde verk\u00fcnden schon den nahenden Sommer und wir begeben uns wieder auf die Suche nach Wildkr\u00e4utern. Auf unserer Kr\u00e4uterwanderung lernst du verschiedene Wildkr\u00e4uter kennen, sie zu unterscheiden und was du mit ihnen machen kannst. Bei gutem Wetter werden wir zum Abschluss ein Wildkr\u00e4utersalz und eine Sommerbowle herstellen <a class=\"more-link\" href=\"https:\/\/www.awo-jugendwerk-lsa.de\/awowp\/event\/kraeuterwanderung-im-stadtpark\/\">weiterlesen&#8230;<\/a><\/p>\n","protected":false},"author":26,"featured_media":0,"template":"","meta":{"_EventAllDay":false,"_EventTimezone":"UTC+1","_EventStartDate":"2023-06-10 10:00:00","_EventEndDate":"2023-06-10 10:00:00","_EventStartDateUTC":"2023-06-10 08:00:00","_EventEndDateUTC":"2023-06-10 08:00:00","_EventShowMap":false,"_EventShowMapLink":false,"_EventURL":"","_EventCost":"","_EventCostDescription":"","_EventCurrencySymbol":"\u20ac","_EventCurrencyCode":"USD","_EventCurrencyPosition":"suffix","_EventDateTimeSeparator":", ","_EventTimeRangeSeparator":" - ","_EventOrganizerID":[],"_EventVenueID":[0],"_OrganizerEmail":"","_OrganizerPhone":"","_OrganizerWebsite":"","_VenueAddress":"","_VenueCity":"","_VenueCountry":"","_VenueProvince":"","_VenueState":"","_VenueZip":"","_VenuePhone":"","_VenueURL":"","_VenueStateProvince":"","_VenueLat":"","_VenueLng":"","_VenueShowMap":false,"_VenueShowMapLink":false,"_tribe_events_status":"","_tribe_events_status_reason":"","footnotes":""},"tags":[],"tribe_events_cat":[],"class_list":["post-7009","tribe_events","type-tribe_events","status-publish","hentry"],"_links":{"self":[{"href":"https:\/\/www.awo-jugendwerk-lsa.de\/awowp\/wp-json\/wp\/v2\/tribe_events\/7009","targetHints":{"allow":["GET"]}}],"collection":[{"href":"https:\/\/www.awo-jugendwerk-lsa.de\/awowp\/wp-json\/wp\/v2\/tribe_events"}],"about":[{"href":"https:\/\/www.awo-jugendwerk-lsa.de\/awowp\/wp-json\/wp\/v2\/types\/tribe_events"}],"author":[{"embeddable":true,"href":"https:\/\/www.awo-jugendwerk-lsa.de\/awowp\/wp-json\/wp\/v2\/users\/26"}],"version-history":[{"count":4,"href":"https:\/\/www.awo-jugendwerk-lsa.de\/awowp\/wp-json\/wp\/v2\/tribe_events\/7009\/revisions"}],"predecessor-version":[{"id":7051,"href":"https:\/\/www.awo-jugendwerk-lsa.de\/awowp\/wp-json\/wp\/v2\/tribe_events\/7009\/revisions\/7051"}],"wp:attachment":[{"href":"https:\/\/www.awo-jugendwerk-lsa.de\/awowp\/wp-json\/wp\/v2\/media?parent=7009"}],"wp:term":[{"taxonomy":"post_tag","embeddable":true,"href":"https:\/\/www.awo-jugendwerk-lsa.de\/awowp\/wp-json\/wp\/v2\/tags?post=7009"},{"taxonomy":"tribe_events_cat","embeddable":true,"href":"https:\/\/www.awo-jugendwerk-lsa.de\/awowp\/wp-json\/wp\/v2\/tribe_events_cat?post=7009"}],"curies":[{"name":"wp","href":"https:\/\/api.w.org\/{rel}","templated":true}]}}