{"id":6907,"date":"2023-03-22T11:57:22","date_gmt":"2023-03-22T10:57:22","guid":{"rendered":"https:\/\/www.awo-jugendwerk-lsa.de\/awowp\/?post_type=tribe_events&#038;p=6907"},"modified":"2023-04-17T09:39:01","modified_gmt":"2023-04-17T08:39:01","slug":"zweitaetiges-ferienprojekt-mobile-jugend-20-07-21-07-23","status":"publish","type":"tribe_events","link":"https:\/\/www.awo-jugendwerk-lsa.de\/awowp\/event\/zweitaetiges-ferienprojekt-mobile-jugend-20-07-21-07-23\/","title":{"rendered":"Zweit\u00e4giges Ferienprojekt Mobile Jugend"},"content":{"rendered":"<div  class=\"tribe-events-schedule tribe-clearfix\" >\n\t<p class=\"tribe-events-schedule__datetime\">\n\t\t<span class=\"tribe-events-schedule__date tribe-events-schedule__date--start\">\n\t\t\t20.07.2023\t\t<\/span>\n\n\t\t\n\t\t\t\t\t\t\t\t\t<span class=\"tribe-events-schedule__separator tribe-events-schedule__separator--time\">\n\t\t\t\t\t &#8211; \t\t\t\t<\/span>\n\t\t\t\n\t\t\t\t\t\t\t<span class=\"tribe-events-schedule__date tribe-events-schedule__date--end\">\n\t\t\t\t\t21.07.2023\t\t\t\t<\/span>\n\n\t\t\t\t\n\t\t\t\n\t\t\t\t\t\t<\/p>\n<\/div>\n\n\n\n<p>Ihr seid herzlich dazu eingeladen an unserem zweit\u00e4gigen Ferienprojekt ,,Mobile Jugend&#8220; teilzunehmen. Die beiden Tage sind unabh\u00e4ngig voneinander, sodass ihr auch problemlos an nur einem Tag teilnehmen k\u00f6nnt. Es wird 7 verschiedene Module geben rund ums Thema Verkehr und F\u00fchrerschein. <\/p>\n\n\n\n<p><\/p>\n\n\n\n<p>Du kannst dich am besten per E-Mail<\/p>\n\n\n\n<p>anmelden, gern aber auch per Post<\/p>\n\n\n\n<p>oder Telefon:<br><br><strong>Bildung@AWO-Jugendwerk-LSA.de<\/strong><\/p>\n\n\n\n<p><strong>Tel: 0391-40 82 90 90<\/strong><\/p>\n\n\n\n<p><strong>Fax: 0391-40 82 458<\/strong><\/p>\n\n\n\n<p><\/p>\n\n\n\n<p>Hauptverantwortlich f\u00fcr die Planung und Durchf\u00fchrung des Ferienprojekts<br>sind <strong>unsere Jugendbildungsreferent*innen<\/strong><\/p>\n\n\n\n<p><strong>Carina Lederich <\/strong>und <strong>Benjamin Kant.<\/strong><\/p>\n\n\n\n<p>Detaillierte Informationen kannst du dem <a href=\"https:\/\/www.awo-jugendwerk-lsa.de\/awowp\/wp-content\/uploads\/2023\/03\/mobile-Jugend-2.pdf\" data-type=\"URL\" data-id=\"https:\/\/www.awo-jugendwerk-lsa.de\/awowp\/wp-content\/uploads\/2023\/03\/mobile-Jugend-2.pdf\" target=\"_blank\" rel=\"noreferrer noopener\">Flyer<\/a> entnehmen.<\/p>\n\n\n\n<p><\/p>\n\n\n<div  class=\"tribe-block tribe-block__event-price\" >\n\t\t<\/div>\n\n\n\n\n<div  class=\"tribe-block tribe-block__venue tribe-clearfix\" >\n\t\n\t\t\n\t<\/div>\n\n\n\n\n\t<div  class=\"tribe-block tribe-block__events-link\" >\n\t\t<div class=\"tribe-events tribe-common\">\n\t\t\t<div class=\"tribe-events-c-subscribe-dropdown__container\">\n\t\t\t\t<div class=\"tribe-events-c-subscribe-dropdown\">\n\t\t\t\t\t<div class=\"tribe-common-c-btn-border tribe-events-c-subscribe-dropdown__button\">\n\t\t\t\t\t\t<svg\n\t class=\"tribe-common-c-svgicon tribe-common-c-svgicon--cal-export tribe-events-c-subscribe-dropdown__export-icon\" \taria-hidden=\"true\"\n\tviewBox=\"0 0 23 17\"\n\txmlns=\"http:\/\/www.w3.org\/2000\/svg\"\n>\n\t<path fill-rule=\"evenodd\" clip-rule=\"evenodd\" d=\"M.128.896V16.13c0 .211.145.383.323.383h15.354c.179 0 .323-.172.323-.383V.896c0-.212-.144-.383-.323-.383H.451C.273.513.128.684.128.896Zm16 6.742h-.901V4.679H1.009v10.729h14.218v-3.336h.901V7.638ZM1.01 1.614h14.218v2.058H1.009V1.614Z\" \/>\n\t<path d=\"M20.5 9.846H8.312M18.524 6.953l2.89 2.909-2.855 2.855\" stroke-width=\"1.2\" stroke-linecap=\"round\" stroke-linejoin=\"round\"\/>\n<\/svg>\n\t\t\t\t\t\t<button\n\t\t\t\t\t\t\tclass=\"tribe-events-c-subscribe-dropdown__button-text\"\n\t\t\t\t\t\t\taria-expanded=\"false\"\n\t\t\t\t\t\t\taria-controls=\"tribe-events-subscribe-dropdown-content\"\n\t\t\t\t\t\t\taria-label=\"Zeige Links an um Veranstaltungen zu deinem Kalender hinzuzuf\u00fcgen\"\n\t\t\t\t\t\t>\n\t\t\t\t\t\t\tZum Kalender hinzuf\u00fcgen\t\t\t\t\t\t<\/button>\n\t\t\t\t\t\t<svg\n\t class=\"tribe-common-c-svgicon tribe-common-c-svgicon--caret-down tribe-events-c-subscribe-dropdown__button-icon\" \taria-hidden=\"true\"\n\tviewBox=\"0 0 10 7\"\n\txmlns=\"http:\/\/www.w3.org\/2000\/svg\"\n>\n\t<path fill-rule=\"evenodd\" clip-rule=\"evenodd\" d=\"M1.008.609L5 4.6 8.992.61l.958.958L5 6.517.05 1.566l.958-.958z\" class=\"tribe-common-c-svgicon__svg-fill\"\/>\n<\/svg>\n\t\t\t\t\t<\/div>\n\t\t\t\t\t<div id=\"tribe-events-subscribe-dropdown-content\" class=\"tribe-events-c-subscribe-dropdown__content\">\n\t\t\t\t\t\t<ul class=\"tribe-events-c-subscribe-dropdown__list\">\n\t\t\t\t\t\t\t\t\t\t\t\t\t\t\t<li class=\"tribe-events-c-subscribe-dropdown__list-item tribe-events-c-subscribe-dropdown__list-item--gcal\">\n\t\t\t\t\t\t\t\t\t<a\n\t\t\t\t\t\t\t\t\t\thref=\"https:\/\/www.google.com\/calendar\/event?action=TEMPLATE&#038;dates=20230720T000000\/20230721T235959&#038;text=Zweit%C3%A4giges%20Ferienprojekt%20Mobile%20Jugend&#038;details=%3Cp%3EIhr+seid+herzlich+dazu+eingeladen+an+unserem+zweit%C3%A4gigen+Ferienprojekt+%2C%2CMobile+Jugend%22+teilzunehmen.+Die+beiden+Tage+sind+unabh%C3%A4ngig+voneinander%2C+sodass+ihr+auch+problemlos+an+nur+einem+Tag+teilnehmen+k%C3%B6nnt.+Es+wird+7+verschiedene+Module+geben+rund+ums+Thema+Verkehr+und+F%C3%BChrerschein.+%3C%2Fp%3E+%3Cp%3E%3C%2Fp%3E+%3Cp%3EDu+kannst+dich+am+besten+per+E-Mail%3C%2Fp%3E+%3Cp%3Eanmelden%2C+gern+aber+auch+per+Post%3C%2Fp%3E+%3Cp%3Eoder+Telefon%3A%3Cbr+%2F%3E%3Cbr+%2F%3E%3Cstrong%3EBildung%40AWO-Jugendwerk-LSA.de%3C%2Fstrong%3E%3C%2Fp%3E+%3Cp%3E%3Cstrong%3ETel%3A+0391-40+82+90+90%3C%2Fstrong%3E%3C%2Fp%3E+%3Cp%3E%3Cstrong%3EFax%3A+0391-40+82+458%3C%2Fstrong%3E%3C%2Fp%3E+%3Cp%3E%3C%2Fp%3E+%3Cp%3EHauptverantwortlich+f%C3%BCr+die+Planung+und+Durchf%C3%BChrung+des+Ferienprojekts%3Cbr+%2F%3Esind+%3Cstrong%3Eunsere+Jugendbildungsreferent%2Ainnen%3C%2Fstrong%3E%3C%2Fp%3E+%3Cp%3E%3Cstrong%3ECarina+Lederich+%3C%2Fstrong%3Eund+%3Cstrong%3EBenjamin+Kant.%3C%2Fstrong%3E%3C%2Fp%3E+%3Cp%3EDetaillierte+Informationen+kannst+du+dem+%3Ca+href%3D%22https%3A%2F%2Fwww.awo-jugendwerk-lsa.de%2Fawowp%2Fwp-content%2Fuploads%2F2023%2F03%2Fmobile-Jugend-2.pdf%22+data-type%3D%22URL%22+data-id%3D%22https%3A%3C%2Fp%3E+%28Zeige+vollst%C3%A4ndige+Veranstaltung-Beschreibung+hier+an%3A+https%3A%2F%2Fwww.awo-jugendwerk-lsa.de%2Fawowp%2Fevent%2Fzweitaetiges-ferienprojekt-mobile-jugend-20-07-21-07-23%2F%29&#038;trp=false&#038;ctz=UTC+1&#038;sprop=website:https:\/\/www.awo-jugendwerk-lsa.de\/awowp\"\n\t\t\t\t\t\t\t\t\t\tclass=\"tribe-events-c-subscribe-dropdown__list-item-link\"\n\t\t\t\t\t\t\t\t\t\ttarget=\"_blank\"\n\t\t\t\t\t\t\t\t\t\trel=\"noopener noreferrer nofollow noindex\"\n\t\t\t\t\t\t\t\t\t>\n\t\t\t\t\t\t\t\t\t\tGoogle Kalender\t\t\t\t\t\t\t\t\t<\/a>\n\t\t\t\t\t\t\t\t<\/li>\n\t\t\t\t\t\t\t\t\t\t\t\t\t\t\t<li class=\"tribe-events-c-subscribe-dropdown__list-item tribe-events-c-subscribe-dropdown__list-item--ical\">\n\t\t\t\t\t\t\t\t\t<a\n\t\t\t\t\t\t\t\t\t\thref=\"\"\n\t\t\t\t\t\t\t\t\t\tclass=\"tribe-events-c-subscribe-dropdown__list-item-link\"\n\t\t\t\t\t\t\t\t\t\ttarget=\"_blank\"\n\t\t\t\t\t\t\t\t\t\trel=\"noopener noreferrer nofollow noindex\"\n\t\t\t\t\t\t\t\t\t>\n\t\t\t\t\t\t\t\t\t\tiCalendar\t\t\t\t\t\t\t\t\t<\/a>\n\t\t\t\t\t\t\t\t<\/li>\n\t\t\t\t\t\t\t\t\t\t\t\t\t\t\t<li class=\"tribe-events-c-subscribe-dropdown__list-item tribe-events-c-subscribe-dropdown__list-item--outlook-365\">\n\t\t\t\t\t\t\t\t\t<a\n\t\t\t\t\t\t\t\t\t\thref=\"\"\n\t\t\t\t\t\t\t\t\t\tclass=\"tribe-events-c-subscribe-dropdown__list-item-link\"\n\t\t\t\t\t\t\t\t\t\ttarget=\"_blank\"\n\t\t\t\t\t\t\t\t\t\trel=\"noopener noreferrer nofollow noindex\"\n\t\t\t\t\t\t\t\t\t>\n\t\t\t\t\t\t\t\t\t\tOutlook 365\t\t\t\t\t\t\t\t\t<\/a>\n\t\t\t\t\t\t\t\t<\/li>\n\t\t\t\t\t\t\t\t\t\t\t\t\t\t\t<li class=\"tribe-events-c-subscribe-dropdown__list-item tribe-events-c-subscribe-dropdown__list-item--outlook-live\">\n\t\t\t\t\t\t\t\t\t<a\n\t\t\t\t\t\t\t\t\t\thref=\"\"\n\t\t\t\t\t\t\t\t\t\tclass=\"tribe-events-c-subscribe-dropdown__list-item-link\"\n\t\t\t\t\t\t\t\t\t\ttarget=\"_blank\"\n\t\t\t\t\t\t\t\t\t\trel=\"noopener noreferrer nofollow noindex\"\n\t\t\t\t\t\t\t\t\t>\n\t\t\t\t\t\t\t\t\t\tOutlook Live\t\t\t\t\t\t\t\t\t<\/a>\n\t\t\t\t\t\t\t\t<\/li>\n\t\t\t\t\t\t\t\t\t\t\t\t\t<\/ul>\n\t\t\t\t\t<\/div>\n\t\t\t\t<\/div>\n\t\t\t<\/div>\n\t\t<\/div>\n\t<\/div>\n\n\n\n\n<figure class=\"wp-block-gallery has-nested-images columns-default is-cropped wp-block-gallery-1 is-layout-flex wp-block-gallery-is-layout-flex\">\n<figure class=\"wp-block-image size-large\"><a href=\"https:\/\/www.awo-jugendwerk-lsa.de\/awowp\/wp-content\/uploads\/2023\/03\/neuer-Flyer-mobile-Jugend_Seite_1-1.png\" rel=\"lightbox[6907]\"><img loading=\"lazy\" decoding=\"async\" width=\"663\" height=\"1024\" data-id=\"6945\" src=\"https:\/\/www.awo-jugendwerk-lsa.de\/awowp\/wp-content\/uploads\/2023\/03\/neuer-Flyer-mobile-Jugend_Seite_1-1-663x1024.png\" alt=\"\" class=\"wp-image-6945\" srcset=\"https:\/\/www.awo-jugendwerk-lsa.de\/awowp\/wp-content\/uploads\/2023\/03\/neuer-Flyer-mobile-Jugend_Seite_1-1-663x1024.png 663w, https:\/\/www.awo-jugendwerk-lsa.de\/awowp\/wp-content\/uploads\/2023\/03\/neuer-Flyer-mobile-Jugend_Seite_1-1-194x300.png 194w, https:\/\/www.awo-jugendwerk-lsa.de\/awowp\/wp-content\/uploads\/2023\/03\/neuer-Flyer-mobile-Jugend_Seite_1-1-768x1187.png 768w, https:\/\/www.awo-jugendwerk-lsa.de\/awowp\/wp-content\/uploads\/2023\/03\/neuer-Flyer-mobile-Jugend_Seite_1-1-994x1536.png 994w, https:\/\/www.awo-jugendwerk-lsa.de\/awowp\/wp-content\/uploads\/2023\/03\/neuer-Flyer-mobile-Jugend_Seite_1-1-1325x2048.png 1325w, https:\/\/www.awo-jugendwerk-lsa.de\/awowp\/wp-content\/uploads\/2023\/03\/neuer-Flyer-mobile-Jugend_Seite_1-1-16x24.png 16w, https:\/\/www.awo-jugendwerk-lsa.de\/awowp\/wp-content\/uploads\/2023\/03\/neuer-Flyer-mobile-Jugend_Seite_1-1-23x36.png 23w, https:\/\/www.awo-jugendwerk-lsa.de\/awowp\/wp-content\/uploads\/2023\/03\/neuer-Flyer-mobile-Jugend_Seite_1-1-31x48.png 31w\" sizes=\"auto, (max-width: 663px) 100vw, 663px\" \/><\/a><\/figure>\n<\/figure>\n","protected":false},"excerpt":{"rendered":"<p>Ihr seid herzlich dazu eingeladen an unserem zweit\u00e4gigen Ferienprojekt ,,Mobile Jugend&#8220; teilzunehmen. Die beiden Tage sind unabh\u00e4ngig voneinander, sodass ihr auch problemlos an nur einem Tag teilnehmen k\u00f6nnt. Es wird 7 verschiedene Module geben rund ums Thema Verkehr und F\u00fchrerschein. Du kannst dich am besten per E-Mail anmelden, gern aber auch per Post oder Telefon: <a class=\"more-link\" href=\"https:\/\/www.awo-jugendwerk-lsa.de\/awowp\/event\/zweitaetiges-ferienprojekt-mobile-jugend-20-07-21-07-23\/\">weiterlesen&#8230;<\/a><\/p>\n","protected":false},"author":24,"featured_media":0,"template":"","meta":{"_EventAllDay":true,"_EventTimezone":"UTC+1","_EventStartDate":"2023-07-20 00:00:00","_EventEndDate":"2023-07-21 23:59:59","_EventStartDateUTC":"2023-07-19 22:00:00","_EventEndDateUTC":"2023-07-21 21:59:59","_EventShowMap":false,"_EventShowMapLink":false,"_EventURL":"","_EventCost":"","_EventCostDescription":"","_EventCurrencySymbol":"\u20ac","_EventCurrencyCode":"USD","_EventCurrencyPosition":"suffix","_EventDateTimeSeparator":", ","_EventTimeRangeSeparator":" - ","_EventOrganizerID":[],"_EventVenueID":[0],"_OrganizerEmail":"","_OrganizerPhone":"","_OrganizerWebsite":"","_VenueAddress":"","_VenueCity":"","_VenueCountry":"","_VenueProvince":"","_VenueState":"","_VenueZip":"","_VenuePhone":"","_VenueURL":"","_VenueStateProvince":"","_VenueLat":"","_VenueLng":"","_VenueShowMap":false,"_VenueShowMapLink":false,"_tribe_events_status":"","_tribe_events_status_reason":"","footnotes":""},"tags":[],"tribe_events_cat":[],"class_list":["post-6907","tribe_events","type-tribe_events","status-publish","hentry"],"_links":{"self":[{"href":"https:\/\/www.awo-jugendwerk-lsa.de\/awowp\/wp-json\/wp\/v2\/tribe_events\/6907","targetHints":{"allow":["GET"]}}],"collection":[{"href":"https:\/\/www.awo-jugendwerk-lsa.de\/awowp\/wp-json\/wp\/v2\/tribe_events"}],"about":[{"href":"https:\/\/www.awo-jugendwerk-lsa.de\/awowp\/wp-json\/wp\/v2\/types\/tribe_events"}],"author":[{"embeddable":true,"href":"https:\/\/www.awo-jugendwerk-lsa.de\/awowp\/wp-json\/wp\/v2\/users\/24"}],"version-history":[{"count":5,"href":"https:\/\/www.awo-jugendwerk-lsa.de\/awowp\/wp-json\/wp\/v2\/tribe_events\/6907\/revisions"}],"predecessor-version":[{"id":7006,"href":"https:\/\/www.awo-jugendwerk-lsa.de\/awowp\/wp-json\/wp\/v2\/tribe_events\/6907\/revisions\/7006"}],"wp:attachment":[{"href":"https:\/\/www.awo-jugendwerk-lsa.de\/awowp\/wp-json\/wp\/v2\/media?parent=6907"}],"wp:term":[{"taxonomy":"post_tag","embeddable":true,"href":"https:\/\/www.awo-jugendwerk-lsa.de\/awowp\/wp-json\/wp\/v2\/tags?post=6907"},{"taxonomy":"tribe_events_cat","embeddable":true,"href":"https:\/\/www.awo-jugendwerk-lsa.de\/awowp\/wp-json\/wp\/v2\/tribe_events_cat?post=6907"}],"curies":[{"name":"wp","href":"https:\/\/api.w.org\/{rel}","templated":true}]}}