{"id":5482,"date":"2019-02-27T13:56:25","date_gmt":"2019-02-27T12:56:25","guid":{"rendered":"https:\/\/www.awo-jugendwerk-lsa.de\/awowp\/?post_type=tribe_events&#038;p=5482"},"modified":"2019-02-27T13:57:18","modified_gmt":"2019-02-27T12:57:18","slug":"zim-konzeption-von-seminaren-in-der-politischen-jugendbildung","status":"publish","type":"tribe_events","link":"https:\/\/www.awo-jugendwerk-lsa.de\/awowp\/event\/zim-konzeption-von-seminaren-in-der-politischen-jugendbildung\/","title":{"rendered":"ZIM &#8211; Konzeption von Seminaren in der politischen Jugendbildung"},"content":{"rendered":"<p><a href=\"https:\/\/www.awo-jugendwerk-lsa.de\/awowp\/wp-content\/uploads\/2018\/07\/money-2696234_1280.jpg\" rel=\"lightbox[5482]\"><img loading=\"lazy\" decoding=\"async\" class=\"wp-image-5398 aligncenter\" src=\"https:\/\/www.awo-jugendwerk-lsa.de\/awowp\/wp-content\/uploads\/2018\/07\/money-2696234_1280.jpg\" alt=\"\" width=\"510\" height=\"327\" srcset=\"https:\/\/www.awo-jugendwerk-lsa.de\/awowp\/wp-content\/uploads\/2018\/07\/money-2696234_1280.jpg 1280w, https:\/\/www.awo-jugendwerk-lsa.de\/awowp\/wp-content\/uploads\/2018\/07\/money-2696234_1280-300x192.jpg 300w, https:\/\/www.awo-jugendwerk-lsa.de\/awowp\/wp-content\/uploads\/2018\/07\/money-2696234_1280-768x491.jpg 768w, https:\/\/www.awo-jugendwerk-lsa.de\/awowp\/wp-content\/uploads\/2018\/07\/money-2696234_1280-1024x655.jpg 1024w\" sizes=\"auto, (max-width: 510px) 100vw, 510px\" \/><\/a><\/p>\n<p>&nbsp;<\/p>\n<p>&nbsp;<\/p>\n<p>&nbsp;<\/p>\n<p>&nbsp;<\/p>\n<p>&nbsp;<\/p>\n<p>&nbsp;<\/p>\n<p>&nbsp;<\/p>\n<p>&nbsp;<\/p>\n<p>&nbsp;<\/p>\n<p>&nbsp;<\/p>\n<p>&nbsp;<\/p>\n<p>&nbsp;<\/p>\n<p style=\"text-align: center;\"><strong>ZIM \u2013 WAS IST DAS?<\/strong><\/p>\n<p>ZIM steht f\u00fcr \u201eZiel, Inhalt und Methode\u201c und meint die Reihenfolge, in der ihr bei der Planung eures Seminars vorgeht, f\u00fcr eine strukturierte Vorbereitung und ein professionell auf die Bedarfe eurer Gruppe zugeschnittenes Seminar. Zwei ausgebildete NDC-Trainer*innen werden das Seminar begleiten und freuen sich auf euch.<br \/>\nGern k\u00f6nnt ihr eigene Ideen f\u00fcr Workshops und Konzepte mitbringen.<br \/>\nFolgende Fragen werden im Seminar bearbeitet:<\/p>\n<p><em>&#8211; Wer ist eure Zielgruppe?<\/em><br \/>\n<em>&#8211; Was sind \u201esmarte\u201c Lernziele?<\/em><br \/>\n<em>&#8211; Wie plant ihr die Zeit?<\/em><br \/>\n<em>&#8211; Was macht ihr didaktisch mit den Inhalten?<\/em><br \/>\n<em>&#8211; Welche Methoden und Spiele gibt es?<\/em><br \/>\n<em>&#8211; Welche Rolle spielen Visualisierungen?<\/em><\/p>\n<p>Am Ende des Seminars habt ihr idealerweise euer eigenes kleines ZIM geschrieben, dass ihr selbstst\u00e4ndig umsetzen k\u00f6nnt.<\/p>\n<p style=\"text-align: center;\"><strong>Wann?<\/strong><br \/>\n26.04.2019, 15:00 Uhr<br \/>\nbis 28.04.2018, 14:00 Uhr<\/p>\n<p style=\"text-align: center;\"><strong>Wo genau?<\/strong><br \/>\nVilla J\u00fchling e.V.<br \/>\nSemmelweisstra\u00dfe 6<br \/>\n06120 Halle\/D\u00f6lau<\/p>\n<p style=\"text-align: center;\"><strong>Kosten?<\/strong><br \/>\n15,- \u20ac (Die Unterbringung erfolgt in Mehrbettzimmern. Die Kosten f\u00fcr Unterkunft, Verpflegung und Anreise werden \u00fcbernommen.)<\/p>\n<p style=\"text-align: center;\"><strong>Anmeldung<\/strong><br \/>\nDu kannst dich am besten per E-Mail<br \/>\nanmelden, gern aber auch per Fax, Post<br \/>\noder Telefon:<\/p>\n<p style=\"text-align: center;\">sachsen-anhalt@netzwerk-courage.de<br \/>\nTel: 0391-520 93 184<br \/>\nFax: 0391-727 28 992<\/p>\n<p style=\"text-align: center;\">Nach Deiner Anmeldung bekommst Du von<br \/>\nuns per E-Mail eine Anmeldebest\u00e4tigung.<br \/>\nBitte \u00fcberweise danach den entsprechenden<br \/>\nTeilnahmebeitrag bis sp\u00e4testens<br \/>\n18.04.2019 auf unser Konto:<\/p>\n<p style=\"text-align: center;\">Netzwerk f\u00fcr Demokratie und Courage<br \/>\nIBAN: DE75 1203 0000 1005 3764 29<br \/>\nBIC: BYLADEM 1001<br \/>\nBetreff: ZIM-Workshop+Dein Name<\/p>\n<p>Hauptverantwortlich f\u00fcr die Planung und Durchf\u00fchrung der Veranstaltung sind die Jugendbildungsreferentin des Landesjugend-werks der AWO Nicole Kr\u00f6kel und die NDC-Projektleitung Doreen G\u00f6ller.<\/p>\n","protected":false},"excerpt":{"rendered":"<p>&nbsp; &nbsp; &nbsp; &nbsp; &nbsp; &nbsp; &nbsp; &nbsp; &nbsp; &nbsp; &nbsp; &nbsp; ZIM \u2013 WAS IST DAS? ZIM steht f\u00fcr \u201eZiel, Inhalt und Methode\u201c und meint die Reihenfolge, in der ihr bei der Planung eures Seminars vorgeht, f\u00fcr eine strukturierte Vorbereitung und ein professionell auf die Bedarfe eurer Gruppe zugeschnittenes Seminar. Zwei ausgebildete NDC-Trainer*innen werden <a class=\"more-link\" href=\"https:\/\/www.awo-jugendwerk-lsa.de\/awowp\/event\/zim-konzeption-von-seminaren-in-der-politischen-jugendbildung\/\">weiterlesen&#8230;<\/a><\/p>\n","protected":false},"author":16,"featured_media":0,"template":"","meta":{"_EventAllDay":true,"_EventTimezone":"UTC+1","_EventStartDate":"2019-04-26 06:00:00","_EventEndDate":"2019-04-29 05:59:59","_EventStartDateUTC":"2019-04-26 05:00:00","_EventEndDateUTC":"2019-04-29 04:59:59","_EventShowMap":false,"_EventShowMapLink":false,"_EventURL":"","_EventCost":"","_EventCostDescription":"","_EventCurrencySymbol":"","_EventCurrencyCode":"","_EventCurrencyPosition":"suffix","_EventDateTimeSeparator":"","_EventTimeRangeSeparator":"","_EventOrganizerID":[3979],"_EventVenueID":[5484],"_OrganizerEmail":"","_OrganizerPhone":"","_OrganizerWebsite":"","_VenueAddress":"","_VenueCity":"","_VenueCountry":"","_VenueProvince":"","_VenueState":"","_VenueZip":"","_VenuePhone":"","_VenueURL":"","_VenueStateProvince":"","_VenueLat":"","_VenueLng":"","_VenueShowMap":false,"_VenueShowMapLink":false,"_tribe_events_status":"","_tribe_events_status_reason":"","footnotes":""},"tags":[],"tribe_events_cat":[],"class_list":["post-5482","tribe_events","type-tribe_events","status-publish","hentry"],"_links":{"self":[{"href":"https:\/\/www.awo-jugendwerk-lsa.de\/awowp\/wp-json\/wp\/v2\/tribe_events\/5482","targetHints":{"allow":["GET"]}}],"collection":[{"href":"https:\/\/www.awo-jugendwerk-lsa.de\/awowp\/wp-json\/wp\/v2\/tribe_events"}],"about":[{"href":"https:\/\/www.awo-jugendwerk-lsa.de\/awowp\/wp-json\/wp\/v2\/types\/tribe_events"}],"author":[{"embeddable":true,"href":"https:\/\/www.awo-jugendwerk-lsa.de\/awowp\/wp-json\/wp\/v2\/users\/16"}],"version-history":[{"count":5,"href":"https:\/\/www.awo-jugendwerk-lsa.de\/awowp\/wp-json\/wp\/v2\/tribe_events\/5482\/revisions"}],"predecessor-version":[{"id":5516,"href":"https:\/\/www.awo-jugendwerk-lsa.de\/awowp\/wp-json\/wp\/v2\/tribe_events\/5482\/revisions\/5516"}],"wp:attachment":[{"href":"https:\/\/www.awo-jugendwerk-lsa.de\/awowp\/wp-json\/wp\/v2\/media?parent=5482"}],"wp:term":[{"taxonomy":"post_tag","embeddable":true,"href":"https:\/\/www.awo-jugendwerk-lsa.de\/awowp\/wp-json\/wp\/v2\/tags?post=5482"},{"taxonomy":"tribe_events_cat","embeddable":true,"href":"https:\/\/www.awo-jugendwerk-lsa.de\/awowp\/wp-json\/wp\/v2\/tribe_events_cat?post=5482"}],"curies":[{"name":"wp","href":"https:\/\/api.w.org\/{rel}","templated":true}]}}