{"id":5120,"date":"2018-01-16T11:44:16","date_gmt":"2018-01-16T10:44:16","guid":{"rendered":"http:\/\/www.awo-jugendwerk-lsa.de\/awowp\/?post_type=tribe_events&#038;p=5120"},"modified":"2018-08-21T11:10:40","modified_gmt":"2018-08-21T10:10:40","slug":"naturpaedagogik-fruehling","status":"publish","type":"tribe_events","link":"https:\/\/www.awo-jugendwerk-lsa.de\/awowp\/event\/naturpaedagogik-fruehling\/","title":{"rendered":"Weiterbildung Naturp\u00e4dagogik &#8211; Sommer"},"content":{"rendered":"<p>Das Landesjugendwerk der AWO Sachsen-Anhalt e.V. bietet auch indiesem Jahr eine mehrteilige naturp\u00e4dagogische Weiterbildungsreihe an!<br \/>\nDie Natur er\u00f6ffnet uns einen gro\u00dfartigen Platz zum Sp\u00fcren, Lernen, Reflektieren, zum Spa\u00df haben und vor allen Dingen einfach zum SEIN. Wir werden gemeinsam auf verschiedenen Wegen dem sprie\u00dfenden kleinen Pflanzenvolk und seinen Kr\u00e4ften n\u00e4hern. Die Zeit ist erf\u00fcllt mit einfachen und wirkungsvollen naturp\u00e4dagogischen Methoden ohne gro\u00dfen Materialaufwand, die gut in jede p\u00e4dagogische T\u00e4tigkeit integriert werden k\u00f6nnen. Dazu bietet das `Drau\u00dfen Sein\u00b4 f\u00fcruns die M\u00f6glichkeiten im Spiegel der Natur unsere eigene p\u00e4dagogische Wirksamkeit zu reflektieren und vor allen Dingen auch bei sich selbstanzukommen, zu sp\u00fcren und zu entspannen.<\/p>\n<p>Der zweite Teil der Fortbildungsreihe ist eine zweit\u00e4gige Veranstaltung, die im September 2018 in Volkersdorf stattfindet.<\/p>\n<p><strong>Termin:<br \/>\n<\/strong>\u00a05.9. &#8211; 6.9.2018 (mit \u00dcbernachtung)<\/p>\n<p><strong>Folgetermine:<br \/>\n<\/strong>Teil II (Sommer) &#8211; 6.9. &#8211; 7.9.2018 (mit \u00dcbernachtung)<br \/>\nTeil III (Herbst) &#8211; 19.10.2018<br \/>\nTeil III (Herbst\/Winter) &#8211; 30.11.2018<\/p>\n<p><strong>Ort:<br \/>\n<\/strong>Volkersdorf\u00a0 (genauer Treffpunkt wird noch bekannt gegeben)<\/p>\n<p><strong>Teilnahmegeb\u00fchr:<\/strong><br \/>\nDie Teilnahmegeb\u00fchr f\u00fcr den ersten Workshop 13.4.2018 liegt bei70 \u20ac inkl. Verpflegung und Seminarunterlagen.<\/p>\n<p><strong>Referentin:<br \/>\n<\/strong>Kathrin Geissler &#8211; leidenschaftliche Drau\u00dfenSeierin<br \/>\nWild(es) Sein &#8211; Natur- und Pers\u00f6nlichkeitsbildung<\/p>\n<p><strong>Im aktuellen<a href=\"https:\/\/www.awo-jugendwerk-lsa.de\/awowp\/wp-content\/uploads\/2018\/03\/Flyer-Naturp\u00e4dagogik-2018.pdf\"> Flyer<\/a> findest du alle weiteren Informationen.<\/strong><\/p>\n<p>&nbsp;<\/p>\n<p><a href=\"https:\/\/www.awo-jugendwerk-lsa.de\/awowp\/kontakt-veranstaltung\/\" target=\"_blank\" rel=\"noopener\"><img loading=\"lazy\" decoding=\"async\" class=\"aligncenter size-full wp-image-4016\" src=\"https:\/\/www.awo-jugendwerk-lsa.de\/awowp\/wp-content\/uploads\/2014\/11\/anmelden.jpg\" alt=\"\" width=\"100\" height=\"25\" \/><\/a><\/p>\n","protected":false},"excerpt":{"rendered":"<p>Das Landesjugendwerk der AWO Sachsen-Anhalt e.V. bietet auch indiesem Jahr eine mehrteilige naturp\u00e4dagogische Weiterbildungsreihe an! Die Natur er\u00f6ffnet uns einen gro\u00dfartigen Platz zum Sp\u00fcren, Lernen, Reflektieren, zum Spa\u00df haben und vor allen Dingen einfach zum SEIN. Wir werden gemeinsam auf verschiedenen Wegen dem sprie\u00dfenden kleinen Pflanzenvolk und seinen Kr\u00e4ften n\u00e4hern. Die Zeit ist erf\u00fcllt mit <a class=\"more-link\" href=\"https:\/\/www.awo-jugendwerk-lsa.de\/awowp\/event\/naturpaedagogik-fruehling\/\">weiterlesen&#8230;<\/a><\/p>\n","protected":false},"author":15,"featured_media":0,"template":"","meta":{"_EventAllDay":true,"_EventTimezone":"UTC+1","_EventStartDate":"2018-09-06 06:00:00","_EventEndDate":"2018-09-08 05:59:59","_EventStartDateUTC":"2018-09-06 05:00:00","_EventEndDateUTC":"2018-09-08 04:59:59","_EventShowMap":false,"_EventShowMapLink":false,"_EventURL":"","_EventCost":"","_EventCostDescription":"","_EventCurrencySymbol":"","_EventCurrencyCode":"","_EventCurrencyPosition":"suffix","_EventDateTimeSeparator":"","_EventTimeRangeSeparator":"","_EventOrganizerID":[],"_EventVenueID":[],"_OrganizerEmail":"","_OrganizerPhone":"","_OrganizerWebsite":"","_VenueAddress":"","_VenueCity":"","_VenueCountry":"","_VenueProvince":"","_VenueState":"","_VenueZip":"","_VenuePhone":"","_VenueURL":"","_VenueStateProvince":"","_VenueLat":"","_VenueLng":"","_VenueShowMap":false,"_VenueShowMapLink":false,"_tribe_events_status":"","_tribe_events_status_reason":"","footnotes":""},"tags":[],"tribe_events_cat":[],"class_list":["post-5120","tribe_events","type-tribe_events","status-publish","hentry"],"_links":{"self":[{"href":"https:\/\/www.awo-jugendwerk-lsa.de\/awowp\/wp-json\/wp\/v2\/tribe_events\/5120","targetHints":{"allow":["GET"]}}],"collection":[{"href":"https:\/\/www.awo-jugendwerk-lsa.de\/awowp\/wp-json\/wp\/v2\/tribe_events"}],"about":[{"href":"https:\/\/www.awo-jugendwerk-lsa.de\/awowp\/wp-json\/wp\/v2\/types\/tribe_events"}],"author":[{"embeddable":true,"href":"https:\/\/www.awo-jugendwerk-lsa.de\/awowp\/wp-json\/wp\/v2\/users\/15"}],"version-history":[{"count":5,"href":"https:\/\/www.awo-jugendwerk-lsa.de\/awowp\/wp-json\/wp\/v2\/tribe_events\/5120\/revisions"}],"predecessor-version":[{"id":5404,"href":"https:\/\/www.awo-jugendwerk-lsa.de\/awowp\/wp-json\/wp\/v2\/tribe_events\/5120\/revisions\/5404"}],"wp:attachment":[{"href":"https:\/\/www.awo-jugendwerk-lsa.de\/awowp\/wp-json\/wp\/v2\/media?parent=5120"}],"wp:term":[{"taxonomy":"post_tag","embeddable":true,"href":"https:\/\/www.awo-jugendwerk-lsa.de\/awowp\/wp-json\/wp\/v2\/tags?post=5120"},{"taxonomy":"tribe_events_cat","embeddable":true,"href":"https:\/\/www.awo-jugendwerk-lsa.de\/awowp\/wp-json\/wp\/v2\/tribe_events_cat?post=5120"}],"curies":[{"name":"wp","href":"https:\/\/api.w.org\/{rel}","templated":true}]}}