{"id":5085,"date":"2017-11-07T11:26:23","date_gmt":"2017-11-07T10:26:23","guid":{"rendered":"http:\/\/www.awo-jugendwerk-lsa.de\/awowp\/?post_type=tribe_events&#038;p=5085"},"modified":"2018-10-30T11:36:55","modified_gmt":"2018-10-30T10:36:55","slug":"weiterbildung-naturpaedagogik-teil-ii-herbst-2","status":"publish","type":"tribe_events","link":"https:\/\/www.awo-jugendwerk-lsa.de\/awowp\/event\/weiterbildung-naturpaedagogik-teil-ii-herbst-2\/","title":{"rendered":"Weiterbildung Naturp\u00e4dagogik &#8211; Winter"},"content":{"rendered":"<p>Die Natur er\u00f6ffnet uns einen gro\u00dfartigen Platz zum Erfahren, Lernen, Reflektieren, zum Spa\u00df haben und vor allen Dingen einfach nur zum SEIN. Wir sind zu verschiedenen Zeiten in die Qualit\u00e4ten unserer Jahreszeiten eingetaucht. Im Winter sitzen wir wie in alten Zeiten zusammen, sammeln am Feuer die Sch\u00e4tze des Jahres und lernen altes Handwerk kennen.<\/p>\n<p>Die Zeit ist erf\u00fcllt mit einfachen und wirkungsvollen naturp\u00e4dagogischen Methoden ohne gro\u00dfen Materialaufwand, die gut in jede p\u00e4dagogische T\u00e4tigkeit integriert werden k\u00f6nnen. Dazu bietet das `Drau\u00dfen Sein\u00b4 f\u00fcr uns die M\u00f6glichkeiten im Spiegel der Natur unsere eigene p\u00e4dagogische Wirksamkeit zu reflektieren und vor allen Dingen auch bei sich selbst anzukommen, zu sp\u00fcren und zu entspannen!<\/p>\n<p>Der Winter-Teil der Fortbildungsreihe ist eine eint\u00e4gige Veranstaltung, die im November 2018 im \u00d6kozentrum stattfindet.<\/p>\n<p style=\"text-align: left;\"><strong>Termin:<br \/>\n<\/strong>30.11.2018<\/p>\n<p style=\"text-align: left;\"><strong>Ort:<br \/>\n<\/strong>Magdeburg, \u00d6kozentrum<\/p>\n<p><strong>Teilnahmegeb\u00fchr:<\/strong><br \/>\nDie Teilnahmegeb\u00fchr f\u00fcr Workshop liegt bei 35\u20ac inkl. Verpflegung und Seminarunterlagen.<\/p>\n<p><strong>Referentin:<br \/>\n<\/strong>Kathrin Geissler &#8211; leidenschaftliche Drau\u00dfenSeierin<br \/>\nWild(es) Sein &#8211; Natur- und Pers\u00f6nlichkeitsbildung<\/p>\n<p>&nbsp;<\/p>\n<p><a href=\"https:\/\/www.awo-jugendwerk-lsa.de\/awowp\/kontakt-veranstaltung\/\" target=\"_blank\" rel=\"noopener noreferrer\"><img loading=\"lazy\" decoding=\"async\" class=\"size-full wp-image-4016 aligncenter\" src=\"https:\/\/www.awo-jugendwerk-lsa.de\/awowp\/wp-content\/uploads\/2014\/11\/anmelden.jpg\" alt=\"\" width=\"100\" height=\"25\" \/><\/a><\/p>\n<p>&nbsp;<\/p>\n<p><img loading=\"lazy\" decoding=\"async\" class=\"aligncenter wp-image-4276 size-full\" src=\"https:\/\/www.awo-jugendwerk-lsa.de\/awowp\/wp-content\/uploads\/2016\/04\/Bild-Naturp\u00e4dagogik.jpg\" alt=\"Bild Naturp\u00e4dagogik\" width=\"368\" height=\"449\" srcset=\"https:\/\/www.awo-jugendwerk-lsa.de\/awowp\/wp-content\/uploads\/2016\/04\/Bild-Naturp\u00e4dagogik.jpg 368w, https:\/\/www.awo-jugendwerk-lsa.de\/awowp\/wp-content\/uploads\/2016\/04\/Bild-Naturp\u00e4dagogik-246x300.jpg 246w\" sizes=\"auto, (max-width: 368px) 100vw, 368px\" \/><\/p>\n","protected":false},"excerpt":{"rendered":"<p>Die Natur er\u00f6ffnet uns einen gro\u00dfartigen Platz zum Erfahren, Lernen, Reflektieren, zum Spa\u00df haben und vor allen Dingen einfach nur zum SEIN. Wir sind zu verschiedenen Zeiten in die Qualit\u00e4ten unserer Jahreszeiten eingetaucht. Im Winter sitzen wir wie in alten Zeiten zusammen, sammeln am Feuer die Sch\u00e4tze des Jahres und lernen altes Handwerk kennen. Die <a class=\"more-link\" href=\"https:\/\/www.awo-jugendwerk-lsa.de\/awowp\/event\/weiterbildung-naturpaedagogik-teil-ii-herbst-2\/\">weiterlesen&#8230;<\/a><\/p>\n","protected":false},"author":15,"featured_media":0,"template":"","meta":{"_EventAllDay":false,"_EventTimezone":"UTC+1","_EventStartDate":"2018-11-30 09:30:00","_EventEndDate":"2018-11-30 16:30:00","_EventStartDateUTC":"2018-11-30 08:30:00","_EventEndDateUTC":"2018-11-30 15:30:00","_EventShowMap":false,"_EventShowMapLink":false,"_EventURL":"","_EventCost":"","_EventCostDescription":"","_EventCurrencySymbol":"","_EventCurrencyCode":"","_EventCurrencyPosition":"suffix","_EventDateTimeSeparator":"","_EventTimeRangeSeparator":"","_EventOrganizerID":[],"_EventVenueID":[],"_OrganizerEmail":"","_OrganizerPhone":"","_OrganizerWebsite":"","_VenueAddress":"","_VenueCity":"","_VenueCountry":"","_VenueProvince":"","_VenueState":"","_VenueZip":"","_VenuePhone":"","_VenueURL":"","_VenueStateProvince":"","_VenueLat":"","_VenueLng":"","_VenueShowMap":false,"_VenueShowMapLink":false,"_tribe_events_status":"","_tribe_events_status_reason":"","footnotes":""},"tags":[],"tribe_events_cat":[],"class_list":["post-5085","tribe_events","type-tribe_events","status-publish","hentry"],"_links":{"self":[{"href":"https:\/\/www.awo-jugendwerk-lsa.de\/awowp\/wp-json\/wp\/v2\/tribe_events\/5085","targetHints":{"allow":["GET"]}}],"collection":[{"href":"https:\/\/www.awo-jugendwerk-lsa.de\/awowp\/wp-json\/wp\/v2\/tribe_events"}],"about":[{"href":"https:\/\/www.awo-jugendwerk-lsa.de\/awowp\/wp-json\/wp\/v2\/types\/tribe_events"}],"author":[{"embeddable":true,"href":"https:\/\/www.awo-jugendwerk-lsa.de\/awowp\/wp-json\/wp\/v2\/users\/15"}],"version-history":[{"count":5,"href":"https:\/\/www.awo-jugendwerk-lsa.de\/awowp\/wp-json\/wp\/v2\/tribe_events\/5085\/revisions"}],"predecessor-version":[{"id":5415,"href":"https:\/\/www.awo-jugendwerk-lsa.de\/awowp\/wp-json\/wp\/v2\/tribe_events\/5085\/revisions\/5415"}],"wp:attachment":[{"href":"https:\/\/www.awo-jugendwerk-lsa.de\/awowp\/wp-json\/wp\/v2\/media?parent=5085"}],"wp:term":[{"taxonomy":"post_tag","embeddable":true,"href":"https:\/\/www.awo-jugendwerk-lsa.de\/awowp\/wp-json\/wp\/v2\/tags?post=5085"},{"taxonomy":"tribe_events_cat","embeddable":true,"href":"https:\/\/www.awo-jugendwerk-lsa.de\/awowp\/wp-json\/wp\/v2\/tribe_events_cat?post=5085"}],"curies":[{"name":"wp","href":"https:\/\/api.w.org\/{rel}","templated":true}]}}