{"id":4035,"date":"2015-01-22T13:48:22","date_gmt":"2015-01-22T12:48:22","guid":{"rendered":"http:\/\/www.awo-jugendwerk-lsa.de\/awowp\/?post_type=tribe_events&#038;p=4035"},"modified":"2015-05-08T11:19:51","modified_gmt":"2015-05-08T10:19:51","slug":"veranstaltungsreihe-kreativwerkstatt-naehen-oschersleben","status":"publish","type":"tribe_events","link":"https:\/\/www.awo-jugendwerk-lsa.de\/awowp\/event\/veranstaltungsreihe-kreativwerkstatt-naehen-oschersleben\/","title":{"rendered":"Veranstaltungsreihe Kreativwerkstatt N\u00e4hen Oschersleben"},"content":{"rendered":"<p style=\"text-align: justify;\"><a href=\"https:\/\/www.awo-jugendwerk-lsa.de\/awowp\/wp-content\/uploads\/2013\/01\/N\u00e4hwerkstattfinal.png\" rel=\"lightbox[4035]\"><img loading=\"lazy\" decoding=\"async\" class=\"aligncenter size-medium wp-image-4109\" src=\"https:\/\/www.awo-jugendwerk-lsa.de\/awowp\/wp-content\/uploads\/2013\/01\/N\u00e4hwerkstattfinal-300x251.png\" alt=\"N\u00e4hwerkstatt\" width=\"300\" height=\"251\" srcset=\"https:\/\/www.awo-jugendwerk-lsa.de\/awowp\/wp-content\/uploads\/2013\/01\/N\u00e4hwerkstattfinal-300x251.png 300w, https:\/\/www.awo-jugendwerk-lsa.de\/awowp\/wp-content\/uploads\/2013\/01\/N\u00e4hwerkstattfinal.png 940w\" sizes=\"auto, (max-width: 300px) 100vw, 300px\" \/><\/a>Wir m\u00f6chten mit Euch auch dieses Jahr wieder gemeinsam kreativ sein. Daher laden wir euch herzlich ein, an unserer N\u00e4hwerkstatt teilzunehmen. Hier habt Ihr die M\u00f6glichkeit, Euch an der N\u00e4hmaschine auszuprobieren, mit Nadel und Faden zu werkeln \u00a0und\u00a0 kleine Geschenke oder niedliche Dekorationsartikel\u00a0 aus diversen Textilien herzustellen. Durch einfache Schnittmuster erlernt Ihr hier Grundkenntnisse und handwerkliche Fertigkeiten im Umgang mit der N\u00e4hmaschine, um dann selbst Accessoires, Tabaktaschen, Loopschals oder kleine Give-aways anzufertigen. Hierf\u00fcr sind keine Vorkenntnisse erforderlich.<\/p>\n<p style=\"text-align: justify;\">Nat\u00fcrlich sind zur N\u00e4hwerkstatt auch Menschen mit Vorerfahrungen herzlich eingeladen. Wir m\u00f6chten die N\u00e4hwerkstatt als offene Plattform f\u00fcr alle N\u00e4hw\u00fctigen gestalten. N\u00e4hmaschinen sind vorhanden. Gern k\u00f6nnt Ihr aber auch Eure eigene Maschine mitbringen.<\/p>\n<p><b>Referentin: <\/b><b>Daniela Henschke, <\/b>ausgebildete Schneiderin<\/p>\n<p><b>Kosten: <\/b>Die Kosten f\u00fcr die Teilnahme an der N\u00e4hwerkstatt betr\u00e4gt 15\u20ac. Materialkosten werden nicht erhoben.<\/p>\n<p><strong>13.Juni 2015, 11-16 Uhr<\/strong><\/p>\n<p><strong>Den Flyer und n\u00e4here Informationen findest du hier:<\/strong>\u00a0 <a href=\"https:\/\/www.awo-jugendwerk-lsa.de\/awowp\/wp-content\/uploads\/2015\/01\/Flyer-N\u00e4hwerkstatt-Oschersleben1.pdf\">Flyer N\u00e4hwerkstatt <\/a><\/p>\n<p><a href=\"https:\/\/www.awo-jugendwerk-lsa.de\/awowp\/kontakt-veranstaltung\/\" target=\"_blank\"><img loading=\"lazy\" decoding=\"async\" class=\"alignleft  wp-image-4016\" src=\"https:\/\/www.awo-jugendwerk-lsa.de\/awowp\/wp-content\/uploads\/2014\/11\/anmelden.jpg\" alt=\"\" width=\"100\" height=\"25\" \/><\/a><\/p>\n<p>&nbsp;<\/p>\n","protected":false},"excerpt":{"rendered":"<p>Wir m\u00f6chten mit Euch auch dieses Jahr wieder gemeinsam kreativ sein. Daher laden wir euch herzlich ein, an unserer N\u00e4hwerkstatt teilzunehmen. Hier habt Ihr die M\u00f6glichkeit, Euch an der N\u00e4hmaschine auszuprobieren, mit Nadel und Faden zu werkeln \u00a0und\u00a0 kleine Geschenke oder niedliche Dekorationsartikel\u00a0 aus diversen Textilien herzustellen. Durch einfache Schnittmuster erlernt Ihr hier Grundkenntnisse und <a class=\"more-link\" href=\"https:\/\/www.awo-jugendwerk-lsa.de\/awowp\/event\/veranstaltungsreihe-kreativwerkstatt-naehen-oschersleben\/\">weiterlesen&#8230;<\/a><\/p>\n","protected":false},"author":15,"featured_media":0,"template":"","meta":{"_EventAllDay":false,"_EventTimezone":"","_EventStartDate":"2015-06-13 11:00:00","_EventEndDate":"2015-06-13 16:00:00","_EventStartDateUTC":"","_EventEndDateUTC":"","_EventShowMap":false,"_EventShowMapLink":false,"_EventURL":"","_EventCost":"","_EventCostDescription":"","_EventCurrencySymbol":"\u20ac","_EventCurrencyCode":"","_EventCurrencyPosition":"suffix","_EventDateTimeSeparator":"","_EventTimeRangeSeparator":"","_EventOrganizerID":[3979],"_EventVenueID":[4048],"_OrganizerEmail":"","_OrganizerPhone":"","_OrganizerWebsite":"","_VenueAddress":"","_VenueCity":"","_VenueCountry":"","_VenueProvince":"","_VenueState":"","_VenueZip":"","_VenuePhone":"","_VenueURL":"","_VenueStateProvince":"","_VenueLat":"","_VenueLng":"","_VenueShowMap":false,"_VenueShowMapLink":false,"_tribe_events_status":"","_tribe_events_status_reason":"","footnotes":""},"tags":[11,10],"tribe_events_cat":[],"class_list":["post-4035","tribe_events","type-tribe_events","status-publish","hentry","tag-kreativ","tag-kreativwerkstatt-naehen"],"_links":{"self":[{"href":"https:\/\/www.awo-jugendwerk-lsa.de\/awowp\/wp-json\/wp\/v2\/tribe_events\/4035","targetHints":{"allow":["GET"]}}],"collection":[{"href":"https:\/\/www.awo-jugendwerk-lsa.de\/awowp\/wp-json\/wp\/v2\/tribe_events"}],"about":[{"href":"https:\/\/www.awo-jugendwerk-lsa.de\/awowp\/wp-json\/wp\/v2\/types\/tribe_events"}],"author":[{"embeddable":true,"href":"https:\/\/www.awo-jugendwerk-lsa.de\/awowp\/wp-json\/wp\/v2\/users\/15"}],"version-history":[{"count":1,"href":"https:\/\/www.awo-jugendwerk-lsa.de\/awowp\/wp-json\/wp\/v2\/tribe_events\/4035\/revisions"}],"predecessor-version":[{"id":4049,"href":"https:\/\/www.awo-jugendwerk-lsa.de\/awowp\/wp-json\/wp\/v2\/tribe_events\/4035\/revisions\/4049"}],"wp:attachment":[{"href":"https:\/\/www.awo-jugendwerk-lsa.de\/awowp\/wp-json\/wp\/v2\/media?parent=4035"}],"wp:term":[{"taxonomy":"post_tag","embeddable":true,"href":"https:\/\/www.awo-jugendwerk-lsa.de\/awowp\/wp-json\/wp\/v2\/tags?post=4035"},{"taxonomy":"tribe_events_cat","embeddable":true,"href":"https:\/\/www.awo-jugendwerk-lsa.de\/awowp\/wp-json\/wp\/v2\/tribe_events_cat?post=4035"}],"curies":[{"name":"wp","href":"https:\/\/api.w.org\/{rel}","templated":true}]}}